{"id":24,"date":"2020-09-26T13:33:04","date_gmt":"2020-09-26T11:33:04","guid":{"rendered":"http:\/\/menorcalplat.com\/joventut\/?page_id=24"},"modified":"2020-10-13T12:06:53","modified_gmt":"2020-10-13T10:06:53","slug":"avis-legal","status":"publish","type":"page","link":"https:\/\/menorcalplat.com\/joventut\/avis-legal\/","title":{"rendered":"Av\u00eds legal"},"content":{"rendered":"\n<p>En compliment amb el deure d&#8217;informaci\u00f3 recollit a article 10 de la Llei 34\/2002, d&#8217;11 de juliol, de Serveis de la Societat de la Informaci\u00f3 i del Comer\u00e7 Electr\u00f2nic, a continuaci\u00f3 es faciliten les seg\u00fcents dades:<\/p>\n\n\n\n<h2 class=\"wp-block-heading\">1. Dades identificatives<\/h2>\n\n\n\n<p>L&#8217;empresa titular de\u00a0MENORCAALPLAT.COM \u00e9s l&#8217;Associaci\u00f3 Leader Illa de Menorca (des d&#8217;ara MENORCA AL PLAT) amb domicili a la Carretera Ma\u00f3 \u2013 Es Grau, km 0,5, 07700 Ma\u00f3, Menorca, \u200b\u200bamb CIF G57111833. Correu electr\u00f2nic de contacte <a href=\"mailto:l&#101;&#97;d&#101;&#114;.m&#101;nor&#99;a&#64;&#99;i&#109;e&#46;es\">&#108;e&#97;&#100;&#101;r&#46;&#109;eno&#114;c&#97;&#64;&#99;&#105;m&#101;&#46;es<\/a><\/p>\n\n\n\n<h2 class=\"wp-block-heading\">2. Usuaris<\/h2>\n\n\n\n<p>L&#8217;acc\u00e9s i \/ o \u00fas d&#8217;aquest portal de MENORCA AL PLAT atribueix la condici\u00f3 d&#8217;USUARI, que accepta, des d&#8217;aquest acc\u00e9s i \/ o \u00fas, les Condicions Generals d&#8217;\u00fas aqu\u00ed reflectides. Les esmentades Condicions s&#8217;aplicaran independentment de les Condicions Generals de Contractaci\u00f3 que si escau resultin d&#8217;obligat compliment.<\/p>\n\n\n\n<h2 class=\"wp-block-heading\">3. \u00das del lloc web<\/h2>\n\n\n\n<p>MENORCA AL PLAT.com proporciona acc\u00e9s a multitud d&#8217;informacions, serveis, programes o dades (des d&#8217;ara, &#8220;els continguts&#8221;) a Internet pertanyents a MENORCA AL PLAT o als seus llicenciants als quals l&#8217;usuari pugui tenir acc\u00e9s. L&#8217;usuari assumeix la responsabilitat de l&#8217;\u00fas del portal. Aquesta responsabilitat s&#8217;est\u00e9n al registre que fos necessari per accedir a determinats serveis o continguts. En aquest registre l&#8217;USUARI ser\u00e0 responsable d&#8217;aportar informaci\u00f3 vera\u00e7 i l\u00edcita. Com a conseq\u00fc\u00e8ncia d&#8217;aquest registre, a l&#8217;USUARI se li pot proporcionar una contrasenya de la qual ser\u00e0 responsable, comprometent-se a fer un \u00fas diligent i confidencial de la mateixa. L&#8217;usuari es compromet a fer un \u00fas adequat dels continguts i serveis (com per exemple serveis de xat, f\u00f2rums de discussi\u00f3 o grups de not\u00edcies) que MENORCA AL PLAT ofereix a trav\u00e9s del seu portal i amb car\u00e0cter enunciatiu per\u00f2 no limitador, a no emprar-los per (i) inc\u00f3rrer en activitats il\u00b7l\u00edcites, il\u00b7legals o contr\u00e0ries a la bona fe i a l&#8217;ordre p\u00fablic; (ii) difondre continguts o propaganda de car\u00e0cter racista, xen\u00f2fob, pornogr\u00e0fic, il\u00b7legal, d&#8217;apologia del terrorisme o que atempti contra els drets humans; (iii) provocar danys en els sistemes f\u00edsics i l\u00f2gics de MENORCA AL PLAT, dels seus prove\u00efdors o de terceres persones, introduir o difondre a la xarxa virus inform\u00e0tics o qualssevol altres sistemes f\u00edsics o l\u00f2gics que siguin susceptibles de provocar els danys anteriorment esmentats; (iv) intentar accedir i, si s&#8217;escau, utilitzar els comptes de correu electr\u00f2nic d&#8217;altres usuaris i modificar o manipular els seus missatges. MENORCA AL PLAT es reserva el dret de retirar tots aquells comentaris i aportacions que vulnerin el respecte a la dignitat de la persona, que siguin discriminatoris, xen\u00f2fobs, racistes, pornogr\u00e0fics, que atemptin contra la joventut o la inf\u00e0ncia, l&#8217;ordre o la seguretat p\u00fablica o que, al seu parer, no resultessin adequats per a la seva publicaci\u00f3. En qualsevol cas, MENORCA AL PLAT no ser\u00e0 responsable de les opinions abocades pels usuaris a trav\u00e9s dels f\u00f2rums, xats, o altres eines de participaci\u00f3.<\/p>\n\n\n\n<h2 class=\"wp-block-heading\">4. Protecci\u00f3 de dades<\/h2>\n\n\n\n<p>MENORCA AL PLAT compleix amb les directrius de la Llei Org\u00e0nica 15\/1999 de 13 de desembre de Protecci\u00f3 de Dades de Car\u00e0cter Personal, el Reial Decret 1720\/2007 de 21 de desembre, pel qual s&#8217;aprova el Reglament de desenvolupament de la Llei Org\u00e0nica i altra normativa vigent en cada moment, i vetlla per garantir un correcte \u00fas i tractament de les dades personals de l&#8217;usuari. Per a aix\u00f2, al costat de cada formulari de recapto de dades de car\u00e0cter personal, en els serveis que l&#8217;usuari pugui sol\u00b7licitar a MENORCA AL PLAT, de fer saber a l&#8217;usuari de l&#8217;exist\u00e8ncia i acceptaci\u00f3 de les condicions particulars del tractament de les seves dades en cada cas, informant-li de la responsabilitat del fitxer creat, la direcci\u00f3 del responsable, la possibilitat d&#8217;exercir els seus drets d&#8217;acc\u00e9s, rectificaci\u00f3, cancel\u00b7laci\u00f3 o oposici\u00f3, la finalitat del tractament i les comunicacions de dades a tercers si \u00e9s el cas. Aix\u00ed mateix, MENORCA AL PLAT informa que d\u00f3na compliment a la Llei 34\/2002 de 11 de juliol, de Serveis de la Societat de la Informaci\u00f3 i el Comer\u00e7 Electr\u00f2nic i li sol\u00b7licitar\u00e0 el seu consentiment al tractament del seu correu electr\u00f2nic amb fins comercials en cada moment.<\/p>\n\n\n\n<h2 class=\"wp-block-heading\">5. Propietat intel\u00b7lectual i industrial<\/h2>\n\n\n\n<p>MENORCA AL PLAT per si o com a cession\u00e0ria, \u00e9s titular de tots els drets de propietat intel\u00b7lectual i industrial de la seva p\u00e0gina web, aix\u00ed com dels elements continguts en la mateixa (a t\u00edtol enunciatiu, imatges, so, \u00e0udio, v\u00eddeo, programari o textos; marques o logotips, combinacions de colors, estructura i disseny, selecci\u00f3 de materials usats, programes d&#8217;ordinador necessaris per al seu funcionament, acc\u00e9s i \u00fas, etc.), titularitat de MENORCA AL PLAT o b\u00e9 dels seus llicenciants. Tots els drets reservats. En virtut del que disposen els articles 8 i 32.1, par\u00e0graf segon, de la Llei de Propietat Intel\u00b7lectual, queden expressament prohibides la reproducci\u00f3, la distribuci\u00f3 i la comunicaci\u00f3 p\u00fablica, inclosa la seva modalitat de posada a disposici\u00f3, de la totalitat o part dels continguts d&#8217;aquesta p\u00e0gina web, amb fins comercials, en qualsevol suport i per qualsevol mitj\u00e0 t\u00e8cnic, sense l&#8217;autoritzaci\u00f3 de MENORCA AL PLAT. L&#8217;usuari es compromet a respectar els drets de Propietat Intel\u00b7lectual i Industrial titularitat de MENORCA AL PLAT. Podr\u00e0 visualitzar els elements del portal i fins i tot imprimir-los, copiar-los i emmagatzemar-los al disc dur del seu ordinador o en qualsevol altre suport f\u00edsic sempre que sigui, \u00fanica i exclusivament, per al seu \u00fas personal i privat. L&#8217;usuari haur\u00e0 d&#8217;abstenir-se de suprimir, alterar, eludir o manipular qualsevol dispositiu de protecci\u00f3 o sistema de seguretat que estigu\u00e9s instal\u00b7lat al les p\u00e0gines de MENORCA AL PLAT.<\/p>\n\n\n\n<h2 class=\"wp-block-heading\">6. Exclusi\u00f3 de garanties i responsabilitat<\/h2>\n\n\n\n<p>MENORCA AL PLAT no es fa responsable, en cap cas, dels danys i perjudicis de qualsevol naturalesa que poguessin ocasionar, a t\u00edtol enunciatiu: errors o omissions en els continguts, falta de disponibilitat del portal o la transmissi\u00f3 de virus o programes maliciosos o lesius en els continguts, malgrat haver adoptat totes les mesures tecnol\u00f2giques necess\u00e0ries per evitar-ho.<\/p>\n\n\n\n<h2 class=\"wp-block-heading\">7. Modificacions<\/h2>\n\n\n\n<p>MENORCA AL PLAT es reserva el dret d&#8217;efectuar sense previ av\u00eds les modificacions que consideri oportunes al seu portal, podent canviar, suprimir o afegir tant els continguts i serveis que es prestin a trav\u00e9s de la mateixa com la forma en qu\u00e8 aquests apareguin presentats o localitzats en seu portal.<\/p>\n\n\n\n<h2 class=\"wp-block-heading\">8. Enlla\u00e7os<\/h2>\n\n\n\n<p>En el cas que en nom del domini es disposessin enlla\u00e7os o hipervincles cap a altres llocs d&#8217;internet, MENORCA AL PLAT no exercir\u00e0 cap tipus de control sobre aquests llocs i continguts. En cap cas MENORCA AL PLAT assumir\u00e0 responsabilitat alguna pels continguts d&#8217;algun enlla\u00e7 pertanyent a un lloc web ali\u00e8, ni garantir\u00e0 la disponibilitat t\u00e8cnica, qualitat, fiabilitat, exactitud, amplitud, veracitat, validesa i constitucionalitat de qualsevol material o informaci\u00f3 continguda en cap d&#8217;aquests hipervincles o altres llocs d&#8217;Internet. Igualment la inclusi\u00f3 d&#8217;aquestes connexions externes no implicar\u00e0 cap tipus d&#8217;associaci\u00f3, fusi\u00f3 o participaci\u00f3 amb les entitats connectades.<\/p>\n\n\n\n<h2 class=\"wp-block-heading\">9. Dret d&#8217;exclusi\u00f3<\/h2>\n\n\n\n<p>MENORCA AL PLAT es reserva el dret a denegar o retirar l&#8217;acc\u00e9s a portal i \/ o els serveis oferts sense necessitat de preav\u00eds, a inst\u00e0ncia pr\u00f2pia o d&#8217;un tercer, a aquells usuaris que incompleixin les presents Condicions Generals d&#8217;\u00das.<\/p>\n\n\n\n<h2 class=\"wp-block-heading\">10. Generalitats<\/h2>\n\n\n\n<p>MENORCA AL PLAT perseguir\u00e0 l&#8217;incompliment de les presents condicions aix\u00ed com qualsevol utilitzaci\u00f3 indeguda del seu portal exercint totes les accions civils i penals que li puguin correspondre en dret.<\/p>\n\n\n\n<h2 class=\"wp-block-heading\">11. Modificaci\u00f3 de les presents condicions i durada<\/h2>\n\n\n\n<p>MENORCA AL PLAT podr\u00e0 modificar en qualsevol moment les condicions aqu\u00ed determinades, sent degudament publicades com aqu\u00ed apareixen. La vig\u00e8ncia de les citades condicions anir\u00e0 en funci\u00f3 de la seva exposici\u00f3 i estaran vigents fins que siguin modificades per altres degudament publicades.<\/p>\n\n\n\n<h2 class=\"wp-block-heading\">12. Legislaci\u00f3 aplicable i jurisdicci\u00f3<\/h2>\n\n\n\n<p>La relaci\u00f3 entre MENORCA AL PLAT i l&#8217;USUARI es regir\u00e0 per la normativa espanyola vigent i qualsevol controv\u00e8rsia se sotmetr\u00e0 als Jutjats i tribunals correponents.<\/p>\n","protected":false},"excerpt":{"rendered":"<p>En compliment amb el deure d&#8217;informaci\u00f3 recollit a article 10 de la Llei 34\/2002, d&#8217;11 de juliol, de Serveis de la Societat de la Informaci\u00f3 i del Comer\u00e7 Electr\u00f2nic, a continuaci\u00f3 es faciliten les seg\u00fcents dades: 1. Dades identificatives L&#8217;empresa titular de\u00a0MENORCAALPLAT.COM \u00e9s l&#8217;Associaci\u00f3 Leader Illa de Menorca (des d&#8217;ara MENORCA AL PLAT) amb domicili&hellip;<\/p>\n","protected":false},"author":1,"featured_media":0,"parent":0,"menu_order":0,"comment_status":"closed","ping_status":"closed","template":"template-legal.php","meta":{"_acf_changed":false,"footnotes":""},"class_list":["post-24","page","type-page","status-publish","hentry"],"acf":[],"yoast_head":"<!-- This site is optimized with the Yoast SEO plugin v23.6 - https:\/\/yoast.com\/wordpress\/plugins\/seo\/ -->\n<title>Av\u00eds legal - Menorca al plat<\/title>\n<meta name=\"robots\" content=\"index, follow, max-snippet:-1, max-image-preview:large, max-video-preview:-1\" \/>\n<link rel=\"canonical\" href=\"https:\/\/menorcalplat.com\/joventut\/avis-legal\/\" \/>\n<meta property=\"og:locale\" content=\"ca_ES\" \/>\n<meta property=\"og:type\" content=\"article\" \/>\n<meta property=\"og:title\" content=\"Av\u00eds legal - Menorca al plat\" \/>\n<meta property=\"og:description\" content=\"En compliment amb el deure d&#8217;informaci\u00f3 recollit a article 10 de la Llei 34\/2002, d&#8217;11 de juliol, de Serveis de la Societat de la Informaci\u00f3 i del Comer\u00e7 Electr\u00f2nic, a continuaci\u00f3 es faciliten les seg\u00fcents dades: 1. Dades identificatives L&#8217;empresa titular de\u00a0MENORCAALPLAT.COM \u00e9s l&#8217;Associaci\u00f3 Leader Illa de Menorca (des d&#8217;ara MENORCA AL PLAT) amb domicili&hellip;\" \/>\n<meta property=\"og:url\" content=\"https:\/\/menorcalplat.com\/joventut\/avis-legal\/\" \/>\n<meta property=\"og:site_name\" content=\"Menorca al plat\" \/>\n<meta property=\"article:modified_time\" content=\"2020-10-13T10:06:53+00:00\" \/>\n<meta name=\"twitter:card\" content=\"summary_large_image\" \/>\n<meta name=\"twitter:label1\" content=\"Temps estimat de lectura\" \/>\n\t<meta name=\"twitter:data1\" content=\"7 minuts\" \/>\n<script type=\"application\/ld+json\" class=\"yoast-schema-graph\">{\"@context\":\"https:\/\/schema.org\",\"@graph\":[{\"@type\":\"WebPage\",\"@id\":\"https:\/\/menorcalplat.com\/joventut\/avis-legal\/\",\"url\":\"https:\/\/menorcalplat.com\/joventut\/avis-legal\/\",\"name\":\"Av\u00eds legal - Menorca al plat\",\"isPartOf\":{\"@id\":\"https:\/\/menorcalplat.com\/joventut\/es\/#website\"},\"datePublished\":\"2020-09-26T11:33:04+00:00\",\"dateModified\":\"2020-10-13T10:06:53+00:00\",\"inLanguage\":\"ca\",\"potentialAction\":[{\"@type\":\"ReadAction\",\"target\":[\"https:\/\/menorcalplat.com\/joventut\/avis-legal\/\"]}]},{\"@type\":\"WebSite\",\"@id\":\"https:\/\/menorcalplat.com\/joventut\/es\/#website\",\"url\":\"https:\/\/menorcalplat.com\/joventut\/es\/\",\"name\":\"Menorca al plat\",\"description\":\"de la joventut\",\"potentialAction\":[{\"@type\":\"SearchAction\",\"target\":{\"@type\":\"EntryPoint\",\"urlTemplate\":\"https:\/\/menorcalplat.com\/joventut\/es\/?s={search_term_string}\"},\"query-input\":{\"@type\":\"PropertyValueSpecification\",\"valueRequired\":true,\"valueName\":\"search_term_string\"}}],\"inLanguage\":\"ca\"}]}<\/script>\n<!-- \/ Yoast SEO plugin. -->","yoast_head_json":{"title":"Av\u00eds legal - Menorca al plat","robots":{"index":"index","follow":"follow","max-snippet":"max-snippet:-1","max-image-preview":"max-image-preview:large","max-video-preview":"max-video-preview:-1"},"canonical":"https:\/\/menorcalplat.com\/joventut\/avis-legal\/","og_locale":"ca_ES","og_type":"article","og_title":"Av\u00eds legal - Menorca al plat","og_description":"En compliment amb el deure d&#8217;informaci\u00f3 recollit a article 10 de la Llei 34\/2002, d&#8217;11 de juliol, de Serveis de la Societat de la Informaci\u00f3 i del Comer\u00e7 Electr\u00f2nic, a continuaci\u00f3 es faciliten les seg\u00fcents dades: 1. Dades identificatives L&#8217;empresa titular de\u00a0MENORCAALPLAT.COM \u00e9s l&#8217;Associaci\u00f3 Leader Illa de Menorca (des d&#8217;ara MENORCA AL PLAT) amb domicili&hellip;","og_url":"https:\/\/menorcalplat.com\/joventut\/avis-legal\/","og_site_name":"Menorca al plat","article_modified_time":"2020-10-13T10:06:53+00:00","twitter_card":"summary_large_image","twitter_misc":{"Temps estimat de lectura":"7 minuts"},"schema":{"@context":"https:\/\/schema.org","@graph":[{"@type":"WebPage","@id":"https:\/\/menorcalplat.com\/joventut\/avis-legal\/","url":"https:\/\/menorcalplat.com\/joventut\/avis-legal\/","name":"Av\u00eds legal - Menorca al plat","isPartOf":{"@id":"https:\/\/menorcalplat.com\/joventut\/es\/#website"},"datePublished":"2020-09-26T11:33:04+00:00","dateModified":"2020-10-13T10:06:53+00:00","inLanguage":"ca","potentialAction":[{"@type":"ReadAction","target":["https:\/\/menorcalplat.com\/joventut\/avis-legal\/"]}]},{"@type":"WebSite","@id":"https:\/\/menorcalplat.com\/joventut\/es\/#website","url":"https:\/\/menorcalplat.com\/joventut\/es\/","name":"Menorca al plat","description":"de la joventut","potentialAction":[{"@type":"SearchAction","target":{"@type":"EntryPoint","urlTemplate":"https:\/\/menorcalplat.com\/joventut\/es\/?s={search_term_string}"},"query-input":{"@type":"PropertyValueSpecification","valueRequired":true,"valueName":"search_term_string"}}],"inLanguage":"ca"}]}},"_links":{"self":[{"href":"https:\/\/menorcalplat.com\/joventut\/wp-json\/wp\/v2\/pages\/24"}],"collection":[{"href":"https:\/\/menorcalplat.com\/joventut\/wp-json\/wp\/v2\/pages"}],"about":[{"href":"https:\/\/menorcalplat.com\/joventut\/wp-json\/wp\/v2\/types\/page"}],"author":[{"embeddable":true,"href":"https:\/\/menorcalplat.com\/joventut\/wp-json\/wp\/v2\/users\/1"}],"replies":[{"embeddable":true,"href":"https:\/\/menorcalplat.com\/joventut\/wp-json\/wp\/v2\/comments?post=24"}],"version-history":[{"count":5,"href":"https:\/\/menorcalplat.com\/joventut\/wp-json\/wp\/v2\/pages\/24\/revisions"}],"predecessor-version":[{"id":517,"href":"https:\/\/menorcalplat.com\/joventut\/wp-json\/wp\/v2\/pages\/24\/revisions\/517"}],"wp:attachment":[{"href":"https:\/\/menorcalplat.com\/joventut\/wp-json\/wp\/v2\/media?parent=24"}],"curies":[{"name":"wp","href":"https:\/\/api.w.org\/{rel}","templated":true}]}}