{"id":22,"date":"2020-09-26T13:32:34","date_gmt":"2020-09-26T11:32:34","guid":{"rendered":"http:\/\/menorcalplat.com\/joventut\/?page_id=22"},"modified":"2021-02-24T09:47:24","modified_gmt":"2021-02-24T08:47:24","slug":"contacte","status":"publish","type":"page","link":"https:\/\/menorcalplat.com\/joventut\/contacte\/","title":{"rendered":"Contacte"},"content":{"rendered":"\t\t<div data-elementor-type=\"wp-page\" data-elementor-id=\"22\" class=\"elementor elementor-22\" data-elementor-post-type=\"page\">\n\t\t\t\t\t\t<section class=\"elementor-section elementor-top-section elementor-element elementor-element-12855291 elementor-section-height-min-height elementor-section-content-middle elementor-section-boxed elementor-section-height-default elementor-section-items-middle\" data-id=\"12855291\" data-element_type=\"section\" data-settings=\"{&quot;background_background&quot;:&quot;classic&quot;}\">\n\t\t\t\t\t\t<div class=\"elementor-container elementor-column-gap-default\">\n\t\t\t\t\t<div class=\"elementor-column elementor-col-50 elementor-top-column elementor-element elementor-element-ba66461\" data-id=\"ba66461\" data-element_type=\"column\">\n\t\t\t<div class=\"elementor-widget-wrap elementor-element-populated\">\n\t\t\t\t\t\t<div class=\"elementor-element elementor-element-311b1b5c elementor-widget elementor-widget-heading\" data-id=\"311b1b5c\" data-element_type=\"widget\" data-widget_type=\"heading.default\">\n\t\t\t\t<div class=\"elementor-widget-container\">\n\t\t\t<h1 class=\"elementor-heading-title elementor-size-xl\">Contacte<\/h1>\t\t<\/div>\n\t\t\t\t<\/div>\n\t\t\t\t\t<\/div>\n\t\t<\/div>\n\t\t\t\t<div class=\"elementor-column elementor-col-50 elementor-top-column elementor-element elementor-element-3803e1ba\" data-id=\"3803e1ba\" data-element_type=\"column\">\n\t\t\t<div class=\"elementor-widget-wrap\">\n\t\t\t\t\t\t\t<\/div>\n\t\t<\/div>\n\t\t\t\t\t<\/div>\n\t\t<\/section>\n\t\t\t\t<section class=\"elementor-section elementor-top-section elementor-element elementor-element-9201060 elementor-section-content-middle elementor-section-boxed elementor-section-height-default elementor-section-height-default\" data-id=\"9201060\" data-element_type=\"section\">\n\t\t\t\t\t\t<div class=\"elementor-container elementor-column-gap-default\">\n\t\t\t\t\t<div class=\"elementor-column elementor-col-50 elementor-top-column elementor-element elementor-element-cf7f9c2\" data-id=\"cf7f9c2\" data-element_type=\"column\">\n\t\t\t<div class=\"elementor-widget-wrap elementor-element-populated\">\n\t\t\t\t\t\t<div class=\"elementor-element elementor-element-78bc54a elementor-widget elementor-widget-heading\" data-id=\"78bc54a\" data-element_type=\"widget\" data-widget_type=\"heading.default\">\n\t\t\t\t<div class=\"elementor-widget-container\">\n\t\t\t<h4 class=\"elementor-heading-title elementor-size-default\">Menorca al Plat de la Joventut \u00e9s un projecte finan\u00e7at per l'Associaci\u00f3 Leader Illa de Menorca amb fons FEADER<\/h4>\t\t<\/div>\n\t\t\t\t<\/div>\n\t\t\t\t<div class=\"elementor-element elementor-element-8a923d5 elementor-widget elementor-widget-spacer\" data-id=\"8a923d5\" data-element_type=\"widget\" data-widget_type=\"spacer.default\">\n\t\t\t\t<div class=\"elementor-widget-container\">\n\t\t\t\t\t<div class=\"elementor-spacer\">\n\t\t\t<div class=\"elementor-spacer-inner\"><\/div>\n\t\t<\/div>\n\t\t\t\t<\/div>\n\t\t\t\t<\/div>\n\t\t\t\t<div class=\"elementor-element elementor-element-8ea2584 elementor-widget elementor-widget-map-contacte\" data-id=\"8ea2584\" data-element_type=\"widget\" data-widget_type=\"map-contacte.default\">\n\t\t\t\t<div class=\"elementor-widget-container\">\n\t\t\t<div class=\"widget-contacte\">\n  <ul class=\"info-contacto list-unstyled mb-4\" itemprop=\"address\" itemscope itemtype=\"http:\/\/schema.org\/PostalAddress\">\n      <li><h5 class=\"mb-0\">Associaci\u00f3 Leader Illa de Menorca<\/h5><\/li>\n  \t\t<li itemprop=\"streetAddress\">Carretera Ma\u00f3 \u2013 Es Grau, km 0,5<\/li>\n  \t\t<li class=\"mb-2\"><span itemprop=\"postalCode\">07700<\/span> <span itemprop=\"addressLocality\">Ma\u00f3<\/span> <span class=\"upp\" itemprop=\"addressRegion\">(Menorca)<\/span><\/li>\n  \t\t  \t\t    <li class=\"mb-2\">T. <a href=\"0034 971 355 660\">+34 971 355 660<\/a><\/li>\n  \t\t  \t\t<li><a href=\"mailto:l&#101;ad&#101;&#114;.me&#110;orc&#97;&#64;c&#105;&#109;e&#46;e&#115;\">lea&#100;er.men&#111;rca&#64;c&#105;&#109;&#101;&#46;&#101;&#115;<\/a><\/li>  <\/ul>\n\n<\/div>\t\t<\/div>\n\t\t\t\t<\/div>\n\t\t\t\t\t<\/div>\n\t\t<\/div>\n\t\t\t\t<div class=\"elementor-column elementor-col-50 elementor-top-column elementor-element elementor-element-f8fbc54\" data-id=\"f8fbc54\" data-element_type=\"column\">\n\t\t\t<div class=\"elementor-widget-wrap elementor-element-populated\">\n\t\t\t\t\t\t<div class=\"elementor-element elementor-element-a87534c elementor-widget elementor-widget-image\" data-id=\"a87534c\" data-element_type=\"widget\" data-widget_type=\"image.default\">\n\t\t\t\t<div class=\"elementor-widget-container\">\n\t\t\t\t\t\t\t\t\t\t\t\t\t<img fetchpriority=\"high\" decoding=\"async\" width=\"522\" height=\"522\" src=\"https:\/\/menorcalplat.com\/joventut\/wp-content\/uploads\/2021\/02\/icona-map.svg\" class=\"attachment-large size-large wp-image-855\" alt=\"menorca al plat joventut\" \/>\t\t\t\t\t\t\t\t\t\t\t\t\t<\/div>\n\t\t\t\t<\/div>\n\t\t\t\t\t<\/div>\n\t\t<\/div>\n\t\t\t\t\t<\/div>\n\t\t<\/section>\n\t\t\t\t<section class=\"elementor-section elementor-top-section elementor-element elementor-element-00bf48e elementor-section-boxed elementor-section-height-default elementor-section-height-default\" data-id=\"00bf48e\" data-element_type=\"section\">\n\t\t\t\t\t\t<div class=\"elementor-container elementor-column-gap-default\">\n\t\t\t\t\t<div class=\"elementor-column elementor-col-100 elementor-top-column elementor-element elementor-element-aee72fc\" data-id=\"aee72fc\" data-element_type=\"column\">\n\t\t\t<div class=\"elementor-widget-wrap elementor-element-populated\">\n\t\t\t\t\t\t<div class=\"elementor-element elementor-element-7a312da elementor-widget-divider--view-line elementor-widget elementor-widget-divider\" data-id=\"7a312da\" data-element_type=\"widget\" data-widget_type=\"divider.default\">\n\t\t\t\t<div class=\"elementor-widget-container\">\n\t\t\t\t\t<div class=\"elementor-divider\">\n\t\t\t<span class=\"elementor-divider-separator\">\n\t\t\t\t\t\t<\/span>\n\t\t<\/div>\n\t\t\t\t<\/div>\n\t\t\t\t<\/div>\n\t\t\t\t\t<\/div>\n\t\t<\/div>\n\t\t\t\t\t<\/div>\n\t\t<\/section>\n\t\t\t\t<\/div>\n\t\t","protected":false},"excerpt":{"rendered":"<p>Contacte Menorca al Plat de la Joventut \u00e9s un projecte finan\u00e7at per l&#8217;Associaci\u00f3 Leader Illa de Menorca amb fons FEADER Associaci\u00f3 Leader Illa de Menorca Carretera Ma\u00f3 \u2013 Es Grau, km 0,5 07700 Ma\u00f3 (Menorca) T. +34 971 355 660 l&#101;&#97;&#100;er&#46;&#109;&#101;no&#114;ca&#64;&#99;i&#109;&#101;&#46;e&#115;<\/p>\n","protected":false},"author":1,"featured_media":0,"parent":0,"menu_order":0,"comment_status":"closed","ping_status":"closed","template":"","meta":{"_acf_changed":false,"footnotes":""},"class_list":["post-22","page","type-page","status-publish","hentry"],"acf":[],"yoast_head":"<!-- This site is optimized with the Yoast SEO plugin v23.6 - https:\/\/yoast.com\/wordpress\/plugins\/seo\/ -->\n<title>Contacte - Menorca al plat<\/title>\n<meta name=\"robots\" content=\"index, follow, max-snippet:-1, max-image-preview:large, max-video-preview:-1\" \/>\n<link rel=\"canonical\" href=\"https:\/\/menorcalplat.com\/joventut\/contacte\/\" \/>\n<meta property=\"og:locale\" content=\"ca_ES\" \/>\n<meta property=\"og:type\" content=\"article\" \/>\n<meta property=\"og:title\" content=\"Contacte - Menorca al plat\" \/>\n<meta property=\"og:description\" content=\"Contacte Menorca al Plat de la Joventut \u00e9s un projecte finan\u00e7at per l&#8217;Associaci\u00f3 Leader Illa de Menorca amb fons FEADER Associaci\u00f3 Leader Illa de Menorca Carretera Ma\u00f3 \u2013 Es Grau, km 0,5 07700 Ma\u00f3 (Menorca) T. +34 971 355 660 l&#101;&#097;&#100;er&#046;&#109;&#101;no&#114;ca&#064;&#099;i&#109;&#101;&#046;e&#115;\" \/>\n<meta property=\"og:url\" content=\"https:\/\/menorcalplat.com\/joventut\/contacte\/\" \/>\n<meta property=\"og:site_name\" content=\"Menorca al plat\" \/>\n<meta property=\"article:modified_time\" content=\"2021-02-24T08:47:24+00:00\" \/>\n<meta property=\"og:image\" content=\"http:\/\/menorcalplat.com\/joventut\/wp-content\/uploads\/2021\/02\/icona-map.svg\" \/>\n<meta name=\"twitter:card\" content=\"summary_large_image\" \/>\n<meta name=\"twitter:label1\" content=\"Temps estimat de lectura\" \/>\n\t<meta name=\"twitter:data1\" content=\"1 minut\" \/>\n<script type=\"application\/ld+json\" class=\"yoast-schema-graph\">{\"@context\":\"https:\/\/schema.org\",\"@graph\":[{\"@type\":\"WebPage\",\"@id\":\"https:\/\/menorcalplat.com\/joventut\/contacte\/\",\"url\":\"https:\/\/menorcalplat.com\/joventut\/contacte\/\",\"name\":\"Contacte - Menorca al plat\",\"isPartOf\":{\"@id\":\"https:\/\/menorcalplat.com\/joventut\/es\/#website\"},\"primaryImageOfPage\":{\"@id\":\"https:\/\/menorcalplat.com\/joventut\/contacte\/#primaryimage\"},\"image\":{\"@id\":\"https:\/\/menorcalplat.com\/joventut\/contacte\/#primaryimage\"},\"thumbnailUrl\":\"http:\/\/menorcalplat.com\/joventut\/wp-content\/uploads\/2021\/02\/icona-map.svg\",\"datePublished\":\"2020-09-26T11:32:34+00:00\",\"dateModified\":\"2021-02-24T08:47:24+00:00\",\"inLanguage\":\"ca\",\"potentialAction\":[{\"@type\":\"ReadAction\",\"target\":[\"https:\/\/menorcalplat.com\/joventut\/contacte\/\"]}]},{\"@type\":\"ImageObject\",\"inLanguage\":\"ca\",\"@id\":\"https:\/\/menorcalplat.com\/joventut\/contacte\/#primaryimage\",\"url\":\"https:\/\/menorcalplat.com\/joventut\/wp-content\/uploads\/2021\/02\/icona-map.svg\",\"contentUrl\":\"https:\/\/menorcalplat.com\/joventut\/wp-content\/uploads\/2021\/02\/icona-map.svg\",\"width\":522,\"height\":522,\"caption\":\"menorca al plat joventut\"},{\"@type\":\"WebSite\",\"@id\":\"https:\/\/menorcalplat.com\/joventut\/es\/#website\",\"url\":\"https:\/\/menorcalplat.com\/joventut\/es\/\",\"name\":\"Menorca al plat\",\"description\":\"de la joventut\",\"potentialAction\":[{\"@type\":\"SearchAction\",\"target\":{\"@type\":\"EntryPoint\",\"urlTemplate\":\"https:\/\/menorcalplat.com\/joventut\/es\/?s={search_term_string}\"},\"query-input\":{\"@type\":\"PropertyValueSpecification\",\"valueRequired\":true,\"valueName\":\"search_term_string\"}}],\"inLanguage\":\"ca\"}]}<\/script>\n<!-- \/ Yoast SEO plugin. -->","yoast_head_json":{"title":"Contacte - Menorca al plat","robots":{"index":"index","follow":"follow","max-snippet":"max-snippet:-1","max-image-preview":"max-image-preview:large","max-video-preview":"max-video-preview:-1"},"canonical":"https:\/\/menorcalplat.com\/joventut\/contacte\/","og_locale":"ca_ES","og_type":"article","og_title":"Contacte - Menorca al plat","og_description":"Contacte Menorca al Plat de la Joventut \u00e9s un projecte finan\u00e7at per l&#8217;Associaci\u00f3 Leader Illa de Menorca amb fons FEADER Associaci\u00f3 Leader Illa de Menorca Carretera Ma\u00f3 \u2013 Es Grau, km 0,5 07700 Ma\u00f3 (Menorca) T. +34 971 355 660 l&#101;&#97;&#100;er&#46;&#109;&#101;no&#114;ca&#64;&#99;i&#109;&#101;&#46;e&#115;","og_url":"https:\/\/menorcalplat.com\/joventut\/contacte\/","og_site_name":"Menorca al plat","article_modified_time":"2021-02-24T08:47:24+00:00","og_image":[{"url":"http:\/\/menorcalplat.com\/joventut\/wp-content\/uploads\/2021\/02\/icona-map.svg"}],"twitter_card":"summary_large_image","twitter_misc":{"Temps estimat de lectura":"1 minut"},"schema":{"@context":"https:\/\/schema.org","@graph":[{"@type":"WebPage","@id":"https:\/\/menorcalplat.com\/joventut\/contacte\/","url":"https:\/\/menorcalplat.com\/joventut\/contacte\/","name":"Contacte - Menorca al plat","isPartOf":{"@id":"https:\/\/menorcalplat.com\/joventut\/es\/#website"},"primaryImageOfPage":{"@id":"https:\/\/menorcalplat.com\/joventut\/contacte\/#primaryimage"},"image":{"@id":"https:\/\/menorcalplat.com\/joventut\/contacte\/#primaryimage"},"thumbnailUrl":"http:\/\/menorcalplat.com\/joventut\/wp-content\/uploads\/2021\/02\/icona-map.svg","datePublished":"2020-09-26T11:32:34+00:00","dateModified":"2021-02-24T08:47:24+00:00","inLanguage":"ca","potentialAction":[{"@type":"ReadAction","target":["https:\/\/menorcalplat.com\/joventut\/contacte\/"]}]},{"@type":"ImageObject","inLanguage":"ca","@id":"https:\/\/menorcalplat.com\/joventut\/contacte\/#primaryimage","url":"https:\/\/menorcalplat.com\/joventut\/wp-content\/uploads\/2021\/02\/icona-map.svg","contentUrl":"https:\/\/menorcalplat.com\/joventut\/wp-content\/uploads\/2021\/02\/icona-map.svg","width":522,"height":522,"caption":"menorca al plat joventut"},{"@type":"WebSite","@id":"https:\/\/menorcalplat.com\/joventut\/es\/#website","url":"https:\/\/menorcalplat.com\/joventut\/es\/","name":"Menorca al plat","description":"de la joventut","potentialAction":[{"@type":"SearchAction","target":{"@type":"EntryPoint","urlTemplate":"https:\/\/menorcalplat.com\/joventut\/es\/?s={search_term_string}"},"query-input":{"@type":"PropertyValueSpecification","valueRequired":true,"valueName":"search_term_string"}}],"inLanguage":"ca"}]}},"_links":{"self":[{"href":"https:\/\/menorcalplat.com\/joventut\/wp-json\/wp\/v2\/pages\/22"}],"collection":[{"href":"https:\/\/menorcalplat.com\/joventut\/wp-json\/wp\/v2\/pages"}],"about":[{"href":"https:\/\/menorcalplat.com\/joventut\/wp-json\/wp\/v2\/types\/page"}],"author":[{"embeddable":true,"href":"https:\/\/menorcalplat.com\/joventut\/wp-json\/wp\/v2\/users\/1"}],"replies":[{"embeddable":true,"href":"https:\/\/menorcalplat.com\/joventut\/wp-json\/wp\/v2\/comments?post=22"}],"version-history":[{"count":21,"href":"https:\/\/menorcalplat.com\/joventut\/wp-json\/wp\/v2\/pages\/22\/revisions"}],"predecessor-version":[{"id":1191,"href":"https:\/\/menorcalplat.com\/joventut\/wp-json\/wp\/v2\/pages\/22\/revisions\/1191"}],"wp:attachment":[{"href":"https:\/\/menorcalplat.com\/joventut\/wp-json\/wp\/v2\/media?parent=22"}],"curies":[{"name":"wp","href":"https:\/\/api.w.org\/{rel}","templated":true}]}}