{"id":12,"date":"2020-09-26T13:31:15","date_gmt":"2020-09-26T11:31:15","guid":{"rendered":"http:\/\/menorcalplat.com\/joventut\/?page_id=12"},"modified":"2021-02-25T13:53:58","modified_gmt":"2021-02-25T12:53:58","slug":"el-projecte","status":"publish","type":"page","link":"https:\/\/menorcalplat.com\/joventut\/el-projecte\/","title":{"rendered":"El projecte"},"content":{"rendered":"\t\t<div data-elementor-type=\"wp-page\" data-elementor-id=\"12\" class=\"elementor elementor-12\" data-elementor-post-type=\"page\">\n\t\t\t\t\t\t<section class=\"elementor-section elementor-top-section elementor-element elementor-element-2c89f10 elementor-section-height-min-height elementor-section-content-middle elementor-section-boxed elementor-section-height-default elementor-section-items-middle\" data-id=\"2c89f10\" data-element_type=\"section\" data-settings=\"{&quot;background_background&quot;:&quot;classic&quot;}\">\n\t\t\t\t\t\t<div class=\"elementor-container elementor-column-gap-default\">\n\t\t\t\t\t<div class=\"elementor-column elementor-col-50 elementor-top-column elementor-element elementor-element-9ba5219\" data-id=\"9ba5219\" data-element_type=\"column\">\n\t\t\t<div class=\"elementor-widget-wrap elementor-element-populated\">\n\t\t\t\t\t\t<div class=\"elementor-element elementor-element-0b7db28 elementor-widget elementor-widget-heading\" data-id=\"0b7db28\" data-element_type=\"widget\" data-widget_type=\"heading.default\">\n\t\t\t\t<div class=\"elementor-widget-container\">\n\t\t\t<h3 class=\"elementor-heading-title elementor-size-small\">L'objectiu principal<\/h3>\t\t<\/div>\n\t\t\t\t<\/div>\n\t\t\t\t<div class=\"elementor-element elementor-element-f080f14 elementor-widget elementor-widget-heading\" data-id=\"f080f14\" data-element_type=\"widget\" data-widget_type=\"heading.default\">\n\t\t\t\t<div class=\"elementor-widget-container\">\n\t\t\t<h1 class=\"elementor-heading-title elementor-size-xl\">Un projecte d'educaci\u00f3 nutricional en valors<\/h1>\t\t<\/div>\n\t\t\t\t<\/div>\n\t\t\t\t\t<\/div>\n\t\t<\/div>\n\t\t\t\t<div class=\"elementor-column elementor-col-50 elementor-top-column elementor-element elementor-element-c8761ef\" data-id=\"c8761ef\" data-element_type=\"column\">\n\t\t\t<div class=\"elementor-widget-wrap\">\n\t\t\t\t\t\t\t<\/div>\n\t\t<\/div>\n\t\t\t\t\t<\/div>\n\t\t<\/section>\n\t\t\t\t<section class=\"elementor-section elementor-top-section elementor-element elementor-element-1dfc911 elementor-section-content-top elementor-section-boxed elementor-section-height-default elementor-section-height-default\" data-id=\"1dfc911\" data-element_type=\"section\">\n\t\t\t\t\t\t<div class=\"elementor-container elementor-column-gap-default\">\n\t\t\t\t\t<div class=\"elementor-column elementor-col-50 elementor-top-column elementor-element elementor-element-6ac82da\" data-id=\"6ac82da\" data-element_type=\"column\">\n\t\t\t<div class=\"elementor-widget-wrap elementor-element-populated\">\n\t\t\t\t\t\t<div class=\"elementor-element elementor-element-7705b95 elementor-widget elementor-widget-heading\" data-id=\"7705b95\" data-element_type=\"widget\" data-widget_type=\"heading.default\">\n\t\t\t\t<div class=\"elementor-widget-container\">\n\t\t\t<h2 class=\"elementor-heading-title elementor-size-large\">Esportistes en edat escolar: la nostra prioritat<\/h2>\t\t<\/div>\n\t\t\t\t<\/div>\n\t\t\t\t<div class=\"elementor-element elementor-element-fd6e1e7 elementor-widget elementor-widget-text-editor\" data-id=\"fd6e1e7\" data-element_type=\"widget\" data-widget_type=\"text-editor.default\">\n\t\t\t\t<div class=\"elementor-widget-container\">\n\t\t\t\t\t\t\t<p class=\"p1\">Els h\u00e0bits d\u2019estil de vida adquirits en edat infantil configuren el perfil de prefer\u00e8ncies d\u2019etapes posteriors. L\u2019edat escolar \u00e9s de gran inter\u00e8s per promoure l\u2019adquisici\u00f3 de coneixements, potenciar habilitats i capacitats i afavorir l\u2019adquisici\u00f3 d\u2019h\u00e0bits relacionats amb una alimentaci\u00f3 saludable i sostenible, capacitant els infants per prendre decisions amb plena autonomia.<\/p>\t\t\t\t\t\t<\/div>\n\t\t\t\t<\/div>\n\t\t\t\t<div class=\"elementor-element elementor-element-7dc86b8 elementor-widget elementor-widget-toggle\" data-id=\"7dc86b8\" data-element_type=\"widget\" data-widget_type=\"toggle.default\">\n\t\t\t\t<div class=\"elementor-widget-container\">\n\t\t\t\t\t<div class=\"elementor-toggle\">\n\t\t\t\t\t\t\t<div class=\"elementor-toggle-item\">\n\t\t\t\t\t<div id=\"elementor-tab-title-1311\" class=\"elementor-tab-title\" data-tab=\"1\" role=\"button\" aria-controls=\"elementor-tab-content-1311\" aria-expanded=\"false\">\n\t\t\t\t\t\t\t\t\t\t\t\t<a class=\"elementor-toggle-title\" tabindex=\"0\">Llegir-ne m\u00e9s<\/a>\n\t\t\t\t\t<\/div>\n\n\t\t\t\t\t<div id=\"elementor-tab-content-1311\" class=\"elementor-tab-content elementor-clearfix\" data-tab=\"1\" role=\"region\" aria-labelledby=\"elementor-tab-title-1311\"><p class=\"p1\">En aquest sentit, els entorns esportius adquireixen un rellev\u00e0ncia especial en projectes d\u2019educaci\u00f3 nutricional, perqu\u00e8 es configuren com elements din\u00e0mics proporcionant una oportunitat de gran valor per estimular i posar en pr\u00e0ctica l\u2019aprenentatge de noves conductes. A m\u00e9s, entenem els clubs esportius com un conjunt de possibles grups diana d\u2019intervenci\u00f3: esportistes, fam\u00edlies, equips t\u00e8cnics i persones coordinadores constitueixen comunitats amb un gran potencial a l\u2019hora de crear entorns favorables i desenvolupar estrat\u00e8gies eficaces per canviar les prefer\u00e8ncies d\u2019actituds i h\u00e0bits poc saludables i sostenibles.\u00a0<\/p><p class=\"p3\">La pr\u00e0ctica d\u2019esport en un entorn favorable pot oferir una bona oportunitat per definir maneres de fer, converses, ambients i propostes d\u2019aprenentatge, tamb\u00e9 en l\u2019\u00e0mbit alimentari, en coordinaci\u00f3 amb les fam\u00edlies i la comunitat educativa formal, amb possibilitats transformadores prometedores cap a un sistema alimentari m\u00e9s coherent i respectu\u00f3s amb el l\u2019entorn.<\/p><\/div>\n\t\t\t\t<\/div>\n\t\t\t\t\t\t\t\t<\/div>\n\t\t\t\t<\/div>\n\t\t\t\t<\/div>\n\t\t\t\t\t<\/div>\n\t\t<\/div>\n\t\t\t\t<div class=\"elementor-column elementor-col-50 elementor-top-column elementor-element elementor-element-b2810f8\" data-id=\"b2810f8\" data-element_type=\"column\">\n\t\t\t<div class=\"elementor-widget-wrap elementor-element-populated\">\n\t\t\t\t\t\t<div class=\"elementor-element elementor-element-c79f04f elementor-widget elementor-widget-image\" data-id=\"c79f04f\" data-element_type=\"widget\" data-widget_type=\"image.default\">\n\t\t\t\t<div class=\"elementor-widget-container\">\n\t\t\t\t\t\t\t\t\t\t\t\t\t<img fetchpriority=\"high\" decoding=\"async\" width=\"522\" height=\"522\" src=\"https:\/\/menorcalplat.com\/joventut\/wp-content\/uploads\/2021\/02\/icona-map.svg\" class=\"attachment-large size-large wp-image-855\" alt=\"menorca al plat joventut\" \/>\t\t\t\t\t\t\t\t\t\t\t\t\t<\/div>\n\t\t\t\t<\/div>\n\t\t\t\t\t<\/div>\n\t\t<\/div>\n\t\t\t\t\t<\/div>\n\t\t<\/section>\n\t\t\t\t<section class=\"elementor-section elementor-top-section elementor-element elementor-element-24f13be elementor-section-content-middle elementor-section-boxed elementor-section-height-default elementor-section-height-default\" data-id=\"24f13be\" data-element_type=\"section\">\n\t\t\t\t\t\t<div class=\"elementor-container elementor-column-gap-default\">\n\t\t\t\t\t<div class=\"elementor-column elementor-col-100 elementor-top-column elementor-element elementor-element-cc18fdd\" data-id=\"cc18fdd\" data-element_type=\"column\">\n\t\t\t<div class=\"elementor-widget-wrap elementor-element-populated\">\n\t\t\t\t\t\t<div class=\"elementor-element elementor-element-9a54ace elementor-widget elementor-widget-heading\" data-id=\"9a54ace\" data-element_type=\"widget\" data-widget_type=\"heading.default\">\n\t\t\t\t<div class=\"elementor-widget-container\">\n\t\t\t<h2 class=\"elementor-heading-title elementor-size-large\">Les claus del projecte<\/h2>\t\t<\/div>\n\t\t\t\t<\/div>\n\t\t\t\t<div class=\"elementor-element elementor-element-902a947 elementor-widget elementor-widget-spacer\" data-id=\"902a947\" data-element_type=\"widget\" data-widget_type=\"spacer.default\">\n\t\t\t\t<div class=\"elementor-widget-container\">\n\t\t\t\t\t<div class=\"elementor-spacer\">\n\t\t\t<div class=\"elementor-spacer-inner\"><\/div>\n\t\t<\/div>\n\t\t\t\t<\/div>\n\t\t\t\t<\/div>\n\t\t\t\t\t<\/div>\n\t\t<\/div>\n\t\t\t\t\t<\/div>\n\t\t<\/section>\n\t\t\t\t<section class=\"elementor-section elementor-top-section elementor-element elementor-element-cd17d0d elementor-section-boxed elementor-section-height-default elementor-section-height-default\" data-id=\"cd17d0d\" data-element_type=\"section\">\n\t\t\t\t\t\t<div class=\"elementor-container elementor-column-gap-default\">\n\t\t\t\t\t<div class=\"elementor-column elementor-col-50 elementor-top-column elementor-element elementor-element-bc80625\" data-id=\"bc80625\" data-element_type=\"column\">\n\t\t\t<div class=\"elementor-widget-wrap elementor-element-populated\">\n\t\t\t\t\t\t<div class=\"elementor-element elementor-element-6095206 elementor-widget elementor-widget-map-titol-icona\" data-id=\"6095206\" data-element_type=\"widget\" data-widget_type=\"map-titol-icona.default\">\n\t\t\t\t<div class=\"elementor-widget-container\">\n\t\t\t<div class=\"titol-icona d-flex flex-row justify-content-start\"><img decoding=\"async\" src=\"http:\/\/menorcalplat.com\/joventut\/wp-content\/uploads\/2021\/02\/ico-salut.svg\" class=\"ico-sm\" alt=\"Salut\"><h3>Salut<\/h3><\/div>\t\t<\/div>\n\t\t\t\t<\/div>\n\t\t\t\t<div class=\"elementor-element elementor-element-4681233 elementor-widget elementor-widget-text-editor\" data-id=\"4681233\" data-element_type=\"widget\" data-widget_type=\"text-editor.default\">\n\t\t\t\t<div class=\"elementor-widget-container\">\n\t\t\t\t\t\t\t<p class=\"p1\">Vetllam perqu\u00e8 l\u2019entorn de l\u2019esportista sigui saludable, especialment per aquells espais i moments vinculats a la pr\u00e0ctica esportiva relacionats amb l\u2019alimentaci\u00f3. Apropam eines i estrat\u00e8gies a esportistes, fam\u00edlies i clubs per millorar la qualitat dels berenars i berenetes entorn els entrenaments i les competicions.<\/p>\t\t\t\t\t\t<\/div>\n\t\t\t\t<\/div>\n\t\t\t\t<div class=\"elementor-element elementor-element-7bc7beb elementor-widget elementor-widget-spacer\" data-id=\"7bc7beb\" data-element_type=\"widget\" data-widget_type=\"spacer.default\">\n\t\t\t\t<div class=\"elementor-widget-container\">\n\t\t\t\t\t<div class=\"elementor-spacer\">\n\t\t\t<div class=\"elementor-spacer-inner\"><\/div>\n\t\t<\/div>\n\t\t\t\t<\/div>\n\t\t\t\t<\/div>\n\t\t\t\t\t<\/div>\n\t\t<\/div>\n\t\t\t\t<div class=\"elementor-column elementor-col-50 elementor-top-column elementor-element elementor-element-e824972\" data-id=\"e824972\" data-element_type=\"column\">\n\t\t\t<div class=\"elementor-widget-wrap elementor-element-populated\">\n\t\t\t\t\t\t<div class=\"elementor-element elementor-element-fe0cec8 elementor-widget elementor-widget-map-titol-icona\" data-id=\"fe0cec8\" data-element_type=\"widget\" data-widget_type=\"map-titol-icona.default\">\n\t\t\t\t<div class=\"elementor-widget-container\">\n\t\t\t<div class=\"titol-icona d-flex flex-row justify-content-start\"><img decoding=\"async\" src=\"http:\/\/menorcalplat.com\/joventut\/wp-content\/uploads\/2021\/02\/ico-sostenibilitat.svg\" class=\"ico-sm\" alt=\"Sostenibilitat\"><h3>Sostenibilitat<\/h3><\/div>\t\t<\/div>\n\t\t\t\t<\/div>\n\t\t\t\t<div class=\"elementor-element elementor-element-d86a6d3 elementor-widget elementor-widget-text-editor\" data-id=\"d86a6d3\" data-element_type=\"widget\" data-widget_type=\"text-editor.default\">\n\t\t\t\t<div class=\"elementor-widget-container\">\n\t\t\t\t\t\t\t<p>Entenem la salut com la forma m\u00e9s integral de benestar. Treballam per construir un model alimentari i de consum que vetlli per la salut de la persona i alhora, per la salut de l\u2019entorn i el medi ambient. Realitzam accions que posen en valor els aliments frescos i de temporada, produ\u00efts localment i de forma agroecol\u00f2gica.<\/p>\t\t\t\t\t\t<\/div>\n\t\t\t\t<\/div>\n\t\t\t\t<div class=\"elementor-element elementor-element-27f45aa elementor-widget elementor-widget-spacer\" data-id=\"27f45aa\" data-element_type=\"widget\" data-widget_type=\"spacer.default\">\n\t\t\t\t<div class=\"elementor-widget-container\">\n\t\t\t\t\t<div class=\"elementor-spacer\">\n\t\t\t<div class=\"elementor-spacer-inner\"><\/div>\n\t\t<\/div>\n\t\t\t\t<\/div>\n\t\t\t\t<\/div>\n\t\t\t\t\t<\/div>\n\t\t<\/div>\n\t\t\t\t\t<\/div>\n\t\t<\/section>\n\t\t\t\t<section class=\"elementor-section elementor-top-section elementor-element elementor-element-2ed0405 elementor-section-boxed elementor-section-height-default elementor-section-height-default\" data-id=\"2ed0405\" data-element_type=\"section\">\n\t\t\t\t\t\t<div class=\"elementor-container elementor-column-gap-default\">\n\t\t\t\t\t<div class=\"elementor-column elementor-col-50 elementor-top-column elementor-element elementor-element-54633d4\" data-id=\"54633d4\" data-element_type=\"column\">\n\t\t\t<div class=\"elementor-widget-wrap elementor-element-populated\">\n\t\t\t\t\t\t<div class=\"elementor-element elementor-element-1d18f59 elementor-widget elementor-widget-map-titol-icona\" data-id=\"1d18f59\" data-element_type=\"widget\" data-widget_type=\"map-titol-icona.default\">\n\t\t\t\t<div class=\"elementor-widget-container\">\n\t\t\t<div class=\"titol-icona d-flex flex-row justify-content-start\"><img decoding=\"async\" src=\"http:\/\/menorcalplat.com\/joventut\/wp-content\/uploads\/2021\/02\/ico-acompanyament.svg\" class=\"ico-sm\" alt=\"Acompanyament\"><h3>Acompanyament<\/h3><\/div>\t\t<\/div>\n\t\t\t\t<\/div>\n\t\t\t\t<div class=\"elementor-element elementor-element-84d4119 elementor-widget elementor-widget-text-editor\" data-id=\"84d4119\" data-element_type=\"widget\" data-widget_type=\"text-editor.default\">\n\t\t\t\t<div class=\"elementor-widget-container\">\n\t\t\t\t\t\t\t<p>Vetllem per la incorporaci\u00f3 d\u2019aliments de producci\u00f3 ecol\u00f2gica, que protegeixen la salut de les persones, la dels animals i la del planeta, com a necessitat i oportunitat per afavorir un model alimentari de transici\u00f3 agroecol\u00f2gica m\u00e9s sostenible, just i equitatiu.<\/p>\t\t\t\t\t\t<\/div>\n\t\t\t\t<\/div>\n\t\t\t\t<div class=\"elementor-element elementor-element-1ccd530 elementor-widget elementor-widget-spacer\" data-id=\"1ccd530\" data-element_type=\"widget\" data-widget_type=\"spacer.default\">\n\t\t\t\t<div class=\"elementor-widget-container\">\n\t\t\t\t\t<div class=\"elementor-spacer\">\n\t\t\t<div class=\"elementor-spacer-inner\"><\/div>\n\t\t<\/div>\n\t\t\t\t<\/div>\n\t\t\t\t<\/div>\n\t\t\t\t\t<\/div>\n\t\t<\/div>\n\t\t\t\t<div class=\"elementor-column elementor-col-50 elementor-top-column elementor-element elementor-element-75515d9\" data-id=\"75515d9\" data-element_type=\"column\">\n\t\t\t<div class=\"elementor-widget-wrap elementor-element-populated\">\n\t\t\t\t\t\t<div class=\"elementor-element elementor-element-555ea30 elementor-widget elementor-widget-map-titol-icona\" data-id=\"555ea30\" data-element_type=\"widget\" data-widget_type=\"map-titol-icona.default\">\n\t\t\t\t<div class=\"elementor-widget-container\">\n\t\t\t<div class=\"titol-icona d-flex flex-row justify-content-start\"><img decoding=\"async\" src=\"http:\/\/menorcalplat.com\/joventut\/wp-content\/uploads\/2021\/02\/ico-valors.svg\" class=\"ico-sm\" alt=\"Valors positius\"><h3>Valors positius<\/h3><\/div>\t\t<\/div>\n\t\t\t\t<\/div>\n\t\t\t\t<div class=\"elementor-element elementor-element-1b0b9e7 elementor-widget elementor-widget-text-editor\" data-id=\"1b0b9e7\" data-element_type=\"widget\" data-widget_type=\"text-editor.default\">\n\t\t\t\t<div class=\"elementor-widget-container\">\n\t\t\t\t\t\t\t<p>Vinculant l\u2019alimentaci\u00f3 saludable i sostenible a la pr\u00e0ctica saludable d\u2019esport, treballam per crear entorns molt rics en valors que posin a l\u2019abast d\u2019esportistes i consumidors joves un cam\u00ed cap a una societat mentalment m\u00e9s forta, m\u00e9s rica en capacitats i habilitats, m\u00e9s cr\u00edtica, m\u00e9s conscient.<\/p>\t\t\t\t\t\t<\/div>\n\t\t\t\t<\/div>\n\t\t\t\t<div class=\"elementor-element elementor-element-9fb35fa elementor-widget elementor-widget-spacer\" data-id=\"9fb35fa\" data-element_type=\"widget\" data-widget_type=\"spacer.default\">\n\t\t\t\t<div class=\"elementor-widget-container\">\n\t\t\t\t\t<div class=\"elementor-spacer\">\n\t\t\t<div class=\"elementor-spacer-inner\"><\/div>\n\t\t<\/div>\n\t\t\t\t<\/div>\n\t\t\t\t<\/div>\n\t\t\t\t\t<\/div>\n\t\t<\/div>\n\t\t\t\t\t<\/div>\n\t\t<\/section>\n\t\t\t\t<section class=\"elementor-section elementor-top-section elementor-element elementor-element-e010f6c elementor-section-boxed elementor-section-height-default elementor-section-height-default\" data-id=\"e010f6c\" data-element_type=\"section\">\n\t\t\t\t\t\t<div class=\"elementor-container elementor-column-gap-default\">\n\t\t\t\t\t<div class=\"elementor-column elementor-col-100 elementor-top-column elementor-element elementor-element-742ad81\" data-id=\"742ad81\" data-element_type=\"column\">\n\t\t\t<div class=\"elementor-widget-wrap elementor-element-populated\">\n\t\t\t\t\t\t<div class=\"elementor-element elementor-element-82697f8 elementor-widget elementor-widget-spacer\" data-id=\"82697f8\" data-element_type=\"widget\" data-widget_type=\"spacer.default\">\n\t\t\t\t<div class=\"elementor-widget-container\">\n\t\t\t\t\t<div class=\"elementor-spacer\">\n\t\t\t<div class=\"elementor-spacer-inner\"><\/div>\n\t\t<\/div>\n\t\t\t\t<\/div>\n\t\t\t\t<\/div>\n\t\t\t\t\t<\/div>\n\t\t<\/div>\n\t\t\t\t\t<\/div>\n\t\t<\/section>\n\t\t\t\t<section class=\"elementor-section elementor-top-section elementor-element elementor-element-94e2e45 elementor-section-content-middle elementor-section-boxed elementor-section-height-default elementor-section-height-default\" data-id=\"94e2e45\" data-element_type=\"section\" data-settings=\"{&quot;background_background&quot;:&quot;classic&quot;}\">\n\t\t\t\t\t\t<div class=\"elementor-container elementor-column-gap-default\">\n\t\t\t\t\t<div class=\"elementor-column elementor-col-50 elementor-top-column elementor-element elementor-element-e993f15\" data-id=\"e993f15\" data-element_type=\"column\">\n\t\t\t<div class=\"elementor-widget-wrap elementor-element-populated\">\n\t\t\t\t\t\t<div class=\"elementor-element elementor-element-7625d8c elementor-widget elementor-widget-image\" data-id=\"7625d8c\" data-element_type=\"widget\" data-widget_type=\"image.default\">\n\t\t\t\t<div class=\"elementor-widget-container\">\n\t\t\t\t\t\t\t\t\t\t\t\t\t<img decoding=\"async\" width=\"127\" height=\"85\" src=\"https:\/\/menorcalplat.com\/joventut\/wp-content\/uploads\/2020\/09\/ones.svg\" class=\"attachment-full size-full wp-image-127\" alt=\"\" \/>\t\t\t\t\t\t\t\t\t\t\t\t\t<\/div>\n\t\t\t\t<\/div>\n\t\t\t\t<div class=\"elementor-element elementor-element-8bb00cb elementor-widget elementor-widget-spacer\" data-id=\"8bb00cb\" data-element_type=\"widget\" data-widget_type=\"spacer.default\">\n\t\t\t\t<div class=\"elementor-widget-container\">\n\t\t\t\t\t<div class=\"elementor-spacer\">\n\t\t\t<div class=\"elementor-spacer-inner\"><\/div>\n\t\t<\/div>\n\t\t\t\t<\/div>\n\t\t\t\t<\/div>\n\t\t\t\t<div class=\"elementor-element elementor-element-43fbac7 elementor-widget elementor-widget-heading\" data-id=\"43fbac7\" data-element_type=\"widget\" data-widget_type=\"heading.default\">\n\t\t\t\t<div class=\"elementor-widget-container\">\n\t\t\t<h3 class=\"elementor-heading-title elementor-size-large\">Realitzam accions cap a un model de consum m\u00e9s saludable i m\u00e9s respectu\u00f3s amb el nostre territori.<\/h3>\t\t<\/div>\n\t\t\t\t<\/div>\n\t\t\t\t<div class=\"elementor-element elementor-element-ea71be0 elementor-widget elementor-widget-spacer\" data-id=\"ea71be0\" data-element_type=\"widget\" data-widget_type=\"spacer.default\">\n\t\t\t\t<div class=\"elementor-widget-container\">\n\t\t\t\t\t<div class=\"elementor-spacer\">\n\t\t\t<div class=\"elementor-spacer-inner\"><\/div>\n\t\t<\/div>\n\t\t\t\t<\/div>\n\t\t\t\t<\/div>\n\t\t\t\t<div class=\"elementor-element elementor-element-9654ad7 elementor-widget elementor-widget-map-button-fletxa\" data-id=\"9654ad7\" data-element_type=\"widget\" data-widget_type=\"map-button-fletxa.default\">\n\t\t\t\t<div class=\"elementor-widget-container\">\n\t\t\t<a class=\"btn-fletxa btn-fletxa-blanc\" href=\"http:\/\/menorcalplat.com\/joventut\/agents-participants\/\" role=\"button\">Coneix els agents participants <i class=\"icon-fletxa-dreta\"><\/i><\/a>\t\t<\/div>\n\t\t\t\t<\/div>\n\t\t\t\t<div class=\"elementor-element elementor-element-535c62a elementor-widget elementor-widget-spacer\" data-id=\"535c62a\" data-element_type=\"widget\" data-widget_type=\"spacer.default\">\n\t\t\t\t<div class=\"elementor-widget-container\">\n\t\t\t\t\t<div class=\"elementor-spacer\">\n\t\t\t<div class=\"elementor-spacer-inner\"><\/div>\n\t\t<\/div>\n\t\t\t\t<\/div>\n\t\t\t\t<\/div>\n\t\t\t\t\t<\/div>\n\t\t<\/div>\n\t\t\t\t<div class=\"elementor-column elementor-col-50 elementor-top-column elementor-element elementor-element-3c6446d\" data-id=\"3c6446d\" data-element_type=\"column\">\n\t\t\t<div class=\"elementor-widget-wrap\">\n\t\t\t\t\t\t\t<\/div>\n\t\t<\/div>\n\t\t\t\t\t<\/div>\n\t\t<\/section>\n\t\t\t\t<section class=\"elementor-section elementor-top-section elementor-element elementor-element-843e77e elementor-section-content-middle elementor-section-boxed elementor-section-height-default elementor-section-height-default\" data-id=\"843e77e\" data-element_type=\"section\" data-settings=\"{&quot;background_background&quot;:&quot;classic&quot;}\">\n\t\t\t\t\t\t<div class=\"elementor-container elementor-column-gap-default\">\n\t\t\t\t\t<div class=\"elementor-column elementor-col-50 elementor-top-column elementor-element elementor-element-896d1d7\" data-id=\"896d1d7\" data-element_type=\"column\">\n\t\t\t<div class=\"elementor-widget-wrap elementor-element-populated\">\n\t\t\t\t\t\t<div class=\"elementor-element elementor-element-df4ec32 elementor-widget elementor-widget-heading\" data-id=\"df4ec32\" data-element_type=\"widget\" data-widget_type=\"heading.default\">\n\t\t\t\t<div class=\"elementor-widget-container\">\n\t\t\t<h2 class=\"elementor-heading-title elementor-size-large\">L'inici<\/h2>\t\t<\/div>\n\t\t\t\t<\/div>\n\t\t\t\t<div class=\"elementor-element elementor-element-a5c7447 elementor-widget elementor-widget-text-editor\" data-id=\"a5c7447\" data-element_type=\"widget\" data-widget_type=\"text-editor.default\">\n\t\t\t\t<div class=\"elementor-widget-container\">\n\t\t\t\t\t\t\t<p class=\"p1\">El projecte neix l\u2019octubre de 2020 i es concep a partir del projecte \u201cMenorca al plat de l\u2019escola\u201d. \u00c9s una iniciativa pr\u00f2pia de l\u2019associaci\u00f3 Leader, integrada dins l\u2019Estrat\u00e8gia de Desenvolupament Local Participatiu Rural 2016-2021.<\/p><p class=\"p1\">Es treballa de manera coordinada amb el programa Intesgrasport del Departament d\u2019Esports del Consell Insular de Menorca, per a crear aliances comunes al voltant de l\u2019alimentaci\u00f3 d\u2019infants esportistes.<\/p>\t\t\t\t\t\t<\/div>\n\t\t\t\t<\/div>\n\t\t\t\t\t<\/div>\n\t\t<\/div>\n\t\t\t\t<div class=\"elementor-column elementor-col-50 elementor-top-column elementor-element elementor-element-8657986\" data-id=\"8657986\" data-element_type=\"column\">\n\t\t\t<div class=\"elementor-widget-wrap elementor-element-populated\">\n\t\t\t\t\t\t<div class=\"elementor-element elementor-element-1cfd107 elementor-widget elementor-widget-video\" data-id=\"1cfd107\" data-element_type=\"widget\" data-settings=\"{&quot;youtube_url&quot;:&quot;https:\\\/\\\/www.youtube.com\\\/watch?v=mu49xqJI1Eg&amp;feature=emb_title&quot;,&quot;video_type&quot;:&quot;youtube&quot;,&quot;controls&quot;:&quot;yes&quot;}\" data-widget_type=\"video.default\">\n\t\t\t\t<div class=\"elementor-widget-container\">\n\t\t\t\t\t<div class=\"elementor-wrapper elementor-open-inline\">\n\t\t\t<div class=\"elementor-video\"><\/div>\t\t<\/div>\n\t\t\t\t<\/div>\n\t\t\t\t<\/div>\n\t\t\t\t\t<\/div>\n\t\t<\/div>\n\t\t\t\t\t<\/div>\n\t\t<\/section>\n\t\t\t\t<section class=\"elementor-section elementor-top-section elementor-element elementor-element-5935fca elementor-section-boxed elementor-section-height-default elementor-section-height-default\" data-id=\"5935fca\" data-element_type=\"section\">\n\t\t\t\t\t\t<div class=\"elementor-container elementor-column-gap-default\">\n\t\t\t\t\t<div class=\"elementor-column elementor-col-100 elementor-top-column elementor-element elementor-element-4ddf5f5\" data-id=\"4ddf5f5\" data-element_type=\"column\">\n\t\t\t<div class=\"elementor-widget-wrap elementor-element-populated\">\n\t\t\t\t\t\t<div class=\"elementor-element elementor-element-d73c478 elementor-widget elementor-widget-spacer\" data-id=\"d73c478\" data-element_type=\"widget\" data-widget_type=\"spacer.default\">\n\t\t\t\t<div class=\"elementor-widget-container\">\n\t\t\t\t\t<div class=\"elementor-spacer\">\n\t\t\t<div class=\"elementor-spacer-inner\"><\/div>\n\t\t<\/div>\n\t\t\t\t<\/div>\n\t\t\t\t<\/div>\n\t\t\t\t\t<\/div>\n\t\t<\/div>\n\t\t\t\t\t<\/div>\n\t\t<\/section>\n\t\t\t\t<section class=\"elementor-section elementor-top-section elementor-element elementor-element-ef2d457 elementor-section-boxed elementor-section-height-default elementor-section-height-default\" data-id=\"ef2d457\" data-element_type=\"section\">\n\t\t\t\t\t\t<div class=\"elementor-container elementor-column-gap-default\">\n\t\t\t\t\t<div class=\"elementor-column elementor-col-33 elementor-top-column elementor-element elementor-element-d4cb56a\" data-id=\"d4cb56a\" data-element_type=\"column\">\n\t\t\t<div class=\"elementor-widget-wrap\">\n\t\t\t\t\t\t\t<\/div>\n\t\t<\/div>\n\t\t\t\t<div class=\"elementor-column elementor-col-66 elementor-top-column elementor-element elementor-element-fd5b718\" data-id=\"fd5b718\" data-element_type=\"column\">\n\t\t\t<div class=\"elementor-widget-wrap elementor-element-populated\">\n\t\t\t\t\t\t<div class=\"elementor-element elementor-element-d2f8f19 elementor-widget elementor-widget-heading\" data-id=\"d2f8f19\" data-element_type=\"widget\" data-widget_type=\"heading.default\">\n\t\t\t\t<div class=\"elementor-widget-container\">\n\t\t\t<h2 class=\"elementor-heading-title elementor-size-large\">Qu\u00e8 \u00e9s Leader\n<\/h2>\t\t<\/div>\n\t\t\t\t<\/div>\n\t\t\t\t\t<\/div>\n\t\t<\/div>\n\t\t\t\t\t<\/div>\n\t\t<\/section>\n\t\t\t\t<section class=\"elementor-section elementor-top-section elementor-element elementor-element-76cce7d elementor-section-boxed elementor-section-height-default elementor-section-height-default\" data-id=\"76cce7d\" data-element_type=\"section\">\n\t\t\t\t\t\t<div class=\"elementor-container elementor-column-gap-default\">\n\t\t\t\t\t<div class=\"elementor-column elementor-col-33 elementor-top-column elementor-element elementor-element-e8bcde9\" data-id=\"e8bcde9\" data-element_type=\"column\">\n\t\t\t<div class=\"elementor-widget-wrap elementor-element-populated\">\n\t\t\t\t\t\t<div class=\"elementor-element elementor-element-b4b9e0c elementor-widget elementor-widget-image\" data-id=\"b4b9e0c\" data-element_type=\"widget\" data-widget_type=\"image.default\">\n\t\t\t\t<div class=\"elementor-widget-container\">\n\t\t\t\t\t\t\t\t\t\t\t\t\t<img decoding=\"async\" width=\"1000\" height=\"1000\" src=\"https:\/\/menorcalplat.com\/joventut\/wp-content\/uploads\/2021\/02\/logo-leader.svg\" class=\"attachment-large size-large wp-image-896\" alt=\"\" \/>\t\t\t\t\t\t\t\t\t\t\t\t\t<\/div>\n\t\t\t\t<\/div>\n\t\t\t\t\t<\/div>\n\t\t<\/div>\n\t\t\t\t<div class=\"elementor-column elementor-col-66 elementor-top-column elementor-element elementor-element-7ad8a3c\" data-id=\"7ad8a3c\" data-element_type=\"column\">\n\t\t\t<div class=\"elementor-widget-wrap elementor-element-populated\">\n\t\t\t\t\t\t<div class=\"elementor-element elementor-element-ad6ec67 elementor-widget elementor-widget-text-editor\" data-id=\"ad6ec67\" data-element_type=\"widget\" data-widget_type=\"text-editor.default\">\n\t\t\t\t<div class=\"elementor-widget-container\">\n\t\t\t\t\t\t\t<p>L\u2019Associaci\u00f3 Leader illa de Menorca treballa com a eix metodol\u00f2gic del Programa de desenvolupament rural de les Illes Balears i tracta de fomentar la posada en marxa de noves activitats perqu\u00e8 les zones rurals de Menorca segueixin tinguent un teixit econ\u00f2mic i social din\u00e0mic i amb pes econ\u00f2mic. Leader gestiona fons comunitaris, nacionals i locals, per donar suport a iniciatives innovadores que puguin servir d\u2019exemple en \u00e0mbits tan diversos com la comercialitzaci\u00f3 de productes agraris, la industria artesana o la conservaci\u00f3 del patrimoni natural.<\/p><p>Amb aquest ideari i finalitat, Leader d\u00f3na compliment a l\u2019adhesi\u00f3 del Consell Insular de Menorca al Pacte de pol\u00edtica alimentaria urbana de Mil\u00e0 del gener de 2017, el qual compromet als firmants a fer feina per a desenvolupar sistemes alimentaris mes sostenibles en el seu territori, resilients, segurs i diversificats per assegurar una alimentaci\u00f3 saludable i accessible.<\/p>\t\t\t\t\t\t<\/div>\n\t\t\t\t<\/div>\n\t\t\t\t\t<\/div>\n\t\t<\/div>\n\t\t\t\t\t<\/div>\n\t\t<\/section>\n\t\t\t\t<section class=\"elementor-section elementor-top-section elementor-element elementor-element-f70ad9f elementor-section-boxed elementor-section-height-default elementor-section-height-default\" data-id=\"f70ad9f\" data-element_type=\"section\">\n\t\t\t\t\t\t<div class=\"elementor-container elementor-column-gap-default\">\n\t\t\t\t\t<div class=\"elementor-column elementor-col-33 elementor-top-column elementor-element elementor-element-d153c6a\" data-id=\"d153c6a\" data-element_type=\"column\">\n\t\t\t<div class=\"elementor-widget-wrap\">\n\t\t\t\t\t\t\t<\/div>\n\t\t<\/div>\n\t\t\t\t<div class=\"elementor-column elementor-col-66 elementor-top-column elementor-element elementor-element-bf54373\" data-id=\"bf54373\" data-element_type=\"column\">\n\t\t\t<div class=\"elementor-widget-wrap elementor-element-populated\">\n\t\t\t\t\t\t<div class=\"elementor-element elementor-element-b78637b elementor-widget elementor-widget-map-button-fletxa\" data-id=\"b78637b\" data-element_type=\"widget\" data-widget_type=\"map-button-fletxa.default\">\n\t\t\t\t<div class=\"elementor-widget-container\">\n\t\t\t<a class=\"btn-fletxa btn-fletxa-grana\" href=\"http:\/\/www.leadermenorca.org\/\" target=\"_blank\" role=\"button\">Leader Menorca <i class=\"icon-fletxa-dreta\"><\/i><\/a>\t\t<\/div>\n\t\t\t\t<\/div>\n\t\t\t\t\t<\/div>\n\t\t<\/div>\n\t\t\t\t\t<\/div>\n\t\t<\/section>\n\t\t\t\t<section class=\"elementor-section elementor-top-section elementor-element elementor-element-d97f7a8 elementor-section-boxed elementor-section-height-default elementor-section-height-default\" data-id=\"d97f7a8\" data-element_type=\"section\">\n\t\t\t\t\t\t<div class=\"elementor-container elementor-column-gap-default\">\n\t\t\t\t\t<div class=\"elementor-column elementor-col-100 elementor-top-column elementor-element elementor-element-f354cf2\" data-id=\"f354cf2\" data-element_type=\"column\">\n\t\t\t<div class=\"elementor-widget-wrap elementor-element-populated\">\n\t\t\t\t\t\t<div class=\"elementor-element elementor-element-bc08e73 elementor-widget-divider--view-line elementor-widget elementor-widget-divider\" data-id=\"bc08e73\" data-element_type=\"widget\" data-widget_type=\"divider.default\">\n\t\t\t\t<div class=\"elementor-widget-container\">\n\t\t\t\t\t<div class=\"elementor-divider\">\n\t\t\t<span class=\"elementor-divider-separator\">\n\t\t\t\t\t\t<\/span>\n\t\t<\/div>\n\t\t\t\t<\/div>\n\t\t\t\t<\/div>\n\t\t\t\t\t<\/div>\n\t\t<\/div>\n\t\t\t\t\t<\/div>\n\t\t<\/section>\n\t\t\t\t<section class=\"elementor-section elementor-top-section elementor-element elementor-element-5e22f22 elementor-section-boxed elementor-section-height-default elementor-section-height-default\" data-id=\"5e22f22\" data-element_type=\"section\">\n\t\t\t\t\t\t<div class=\"elementor-container elementor-column-gap-default\">\n\t\t\t\t\t<div class=\"elementor-column elementor-col-66 elementor-top-column elementor-element elementor-element-540bf82\" data-id=\"540bf82\" data-element_type=\"column\">\n\t\t\t<div class=\"elementor-widget-wrap elementor-element-populated\">\n\t\t\t\t\t\t<div class=\"elementor-element elementor-element-7cd68ee elementor-widget elementor-widget-heading\" data-id=\"7cd68ee\" data-element_type=\"widget\" data-widget_type=\"heading.default\">\n\t\t\t\t<div class=\"elementor-widget-container\">\n\t\t\t<h2 class=\"elementor-heading-title elementor-size-large\">Qu\u00e8 \u00e9s Integrasport\n<\/h2>\t\t<\/div>\n\t\t\t\t<\/div>\n\t\t\t\t\t<\/div>\n\t\t<\/div>\n\t\t\t\t<div class=\"elementor-column elementor-col-33 elementor-top-column elementor-element elementor-element-5049d6f\" data-id=\"5049d6f\" data-element_type=\"column\">\n\t\t\t<div class=\"elementor-widget-wrap\">\n\t\t\t\t\t\t\t<\/div>\n\t\t<\/div>\n\t\t\t\t\t<\/div>\n\t\t<\/section>\n\t\t\t\t<section class=\"elementor-section elementor-top-section elementor-element elementor-element-91a6a77 elementor-section-boxed elementor-section-height-default elementor-section-height-default\" data-id=\"91a6a77\" data-element_type=\"section\">\n\t\t\t\t\t\t<div class=\"elementor-container elementor-column-gap-default\">\n\t\t\t\t\t<div class=\"elementor-column elementor-col-66 elementor-top-column elementor-element elementor-element-fd70bdd\" data-id=\"fd70bdd\" data-element_type=\"column\">\n\t\t\t<div class=\"elementor-widget-wrap elementor-element-populated\">\n\t\t\t\t\t\t<div class=\"elementor-element elementor-element-f3b387e elementor-widget elementor-widget-text-editor\" data-id=\"f3b387e\" data-element_type=\"widget\" data-widget_type=\"text-editor.default\">\n\t\t\t\t<div class=\"elementor-widget-container\">\n\t\t\t\t\t\t\t<p>L\u2019\u00e0rea d&#8217;Esports del Consell de Menorca va posar\u00a0en marxa fa quatre anys, el programa\u00a0&#8220;Integrasport: Posam Valors a l&#8217;Esport&#8221;, amb l&#8217;objectiu\u00a0de crear una eina de transformaci\u00f3 de\u00a0l&#8217;entorn esportiu que afavoreixi l&#8217;aprenentatge dels i les esportistes i faci de l&#8217;esport el millor vehicle de creixement personal. Es treballen temes com la cohesi\u00f3 de grup, la conviv\u00e8ncia, el control emocional, la relaci\u00f3 entre equips, clubs i amb altres esports, la implicaci\u00f3 en la competici\u00f3, el comportament en les grades, etc. En aquest proc\u00e9s, es treballa amb esportistes, per\u00f2 tamb\u00e9 amb les seves fam\u00edlies, entrenadors\/es i coordinadors\/es dels clubs esportius adherits al programa, comptant amb un equip de professionals multi- i trans-disciplinar que ofereix un acompanyament constant, integral i de qualitat.<\/p><p>Actualment, el programa compta un equip hum\u00e0 de 15 professionals, que ofereixen el seu acompanyament a un total de 28 equips esportius de 15 clubs adherits, amb m\u00e9s de 1000 esportistes i fam\u00edlies, de 11 esports diferents.<\/p>\t\t\t\t\t\t<\/div>\n\t\t\t\t<\/div>\n\t\t\t\t\t<\/div>\n\t\t<\/div>\n\t\t\t\t<div class=\"elementor-column elementor-col-33 elementor-top-column elementor-element elementor-element-aea9f18\" data-id=\"aea9f18\" data-element_type=\"column\">\n\t\t\t<div class=\"elementor-widget-wrap elementor-element-populated\">\n\t\t\t\t\t\t<div class=\"elementor-element elementor-element-60fec0f elementor-widget elementor-widget-image\" data-id=\"60fec0f\" data-element_type=\"widget\" data-widget_type=\"image.default\">\n\t\t\t\t<div class=\"elementor-widget-container\">\n\t\t\t\t\t\t\t\t\t\t\t\t\t<img loading=\"lazy\" decoding=\"async\" width=\"1000\" height=\"1000\" src=\"https:\/\/menorcalplat.com\/joventut\/wp-content\/uploads\/2021\/02\/integrasport.svg\" class=\"attachment-large size-large wp-image-1274\" alt=\"Logo Integrasport\" \/>\t\t\t\t\t\t\t\t\t\t\t\t\t<\/div>\n\t\t\t\t<\/div>\n\t\t\t\t\t<\/div>\n\t\t<\/div>\n\t\t\t\t\t<\/div>\n\t\t<\/section>\n\t\t\t\t<section class=\"elementor-section elementor-top-section elementor-element elementor-element-85a7c36 elementor-section-boxed elementor-section-height-default elementor-section-height-default\" data-id=\"85a7c36\" data-element_type=\"section\">\n\t\t\t\t\t\t<div class=\"elementor-container elementor-column-gap-default\">\n\t\t\t\t\t<div class=\"elementor-column elementor-col-66 elementor-top-column elementor-element elementor-element-1167d81\" data-id=\"1167d81\" data-element_type=\"column\">\n\t\t\t<div class=\"elementor-widget-wrap elementor-element-populated\">\n\t\t\t\t\t\t<div class=\"elementor-element elementor-element-2f7641c elementor-widget elementor-widget-map-button-fletxa\" data-id=\"2f7641c\" data-element_type=\"widget\" data-widget_type=\"map-button-fletxa.default\">\n\t\t\t\t<div class=\"elementor-widget-container\">\n\t\t\t<a class=\"btn-fletxa btn-fletxa-grana\" href=\"http:\/\/menorcailladelesport.com\/Contingut.aspx?IdPub=8092\" target=\"_blank\" role=\"button\">Integrasport <i class=\"icon-fletxa-dreta\"><\/i><\/a>\t\t<\/div>\n\t\t\t\t<\/div>\n\t\t\t\t\t<\/div>\n\t\t<\/div>\n\t\t\t\t<div class=\"elementor-column elementor-col-33 elementor-top-column elementor-element elementor-element-5ffa6b9\" data-id=\"5ffa6b9\" data-element_type=\"column\">\n\t\t\t<div class=\"elementor-widget-wrap\">\n\t\t\t\t\t\t\t<\/div>\n\t\t<\/div>\n\t\t\t\t\t<\/div>\n\t\t<\/section>\n\t\t\t\t<section class=\"elementor-section elementor-top-section elementor-element elementor-element-91b48ca elementor-section-boxed elementor-section-height-default elementor-section-height-default\" data-id=\"91b48ca\" data-element_type=\"section\">\n\t\t\t\t\t\t<div class=\"elementor-container elementor-column-gap-default\">\n\t\t\t\t\t<div class=\"elementor-column elementor-col-100 elementor-top-column elementor-element elementor-element-f4475e5\" data-id=\"f4475e5\" data-element_type=\"column\">\n\t\t\t<div class=\"elementor-widget-wrap elementor-element-populated\">\n\t\t\t\t\t\t<div class=\"elementor-element elementor-element-d9026d7 elementor-widget elementor-widget-spacer\" data-id=\"d9026d7\" data-element_type=\"widget\" data-widget_type=\"spacer.default\">\n\t\t\t\t<div class=\"elementor-widget-container\">\n\t\t\t\t\t<div class=\"elementor-spacer\">\n\t\t\t<div class=\"elementor-spacer-inner\"><\/div>\n\t\t<\/div>\n\t\t\t\t<\/div>\n\t\t\t\t<\/div>\n\t\t\t\t\t<\/div>\n\t\t<\/div>\n\t\t\t\t\t<\/div>\n\t\t<\/section>\n\t\t\t\t<section class=\"elementor-section elementor-top-section elementor-element elementor-element-9167045 elementor-section-boxed elementor-section-height-default elementor-section-height-default\" data-id=\"9167045\" data-element_type=\"section\">\n\t\t\t\t\t\t<div class=\"elementor-container elementor-column-gap-default\">\n\t\t\t\t\t<div class=\"elementor-column elementor-col-100 elementor-top-column elementor-element elementor-element-a458783\" data-id=\"a458783\" data-element_type=\"column\">\n\t\t\t<div class=\"elementor-widget-wrap elementor-element-populated\">\n\t\t\t\t\t\t<div class=\"elementor-element elementor-element-a90eef3 elementor-widget-divider--view-line elementor-widget elementor-widget-divider\" data-id=\"a90eef3\" data-element_type=\"widget\" data-widget_type=\"divider.default\">\n\t\t\t\t<div class=\"elementor-widget-container\">\n\t\t\t\t\t<div class=\"elementor-divider\">\n\t\t\t<span class=\"elementor-divider-separator\">\n\t\t\t\t\t\t<\/span>\n\t\t<\/div>\n\t\t\t\t<\/div>\n\t\t\t\t<\/div>\n\t\t\t\t\t<\/div>\n\t\t<\/div>\n\t\t\t\t\t<\/div>\n\t\t<\/section>\n\t\t\t\t<\/div>\n\t\t","protected":false},"excerpt":{"rendered":"<p>L&#8217;objectiu principal Un projecte d&#8217;educaci\u00f3 nutricional en valors Esportistes en edat escolar: la nostra prioritat Els h\u00e0bits d\u2019estil de vida adquirits en edat infantil configuren el perfil de prefer\u00e8ncies d\u2019etapes posteriors. L\u2019edat escolar \u00e9s de gran inter\u00e8s per promoure l\u2019adquisici\u00f3 de coneixements, potenciar habilitats i capacitats i afavorir l\u2019adquisici\u00f3 d\u2019h\u00e0bits relacionats amb una alimentaci\u00f3 saludable&hellip;<\/p>\n","protected":false},"author":1,"featured_media":0,"parent":0,"menu_order":0,"comment_status":"closed","ping_status":"closed","template":"","meta":{"_acf_changed":false,"footnotes":""},"class_list":["post-12","page","type-page","status-publish","hentry"],"acf":[],"yoast_head":"<!-- This site is optimized with the Yoast SEO plugin v23.6 - https:\/\/yoast.com\/wordpress\/plugins\/seo\/ -->\n<title>El projecte - Menorca al plat<\/title>\n<meta name=\"robots\" content=\"index, follow, max-snippet:-1, max-image-preview:large, max-video-preview:-1\" \/>\n<link rel=\"canonical\" href=\"https:\/\/menorcalplat.com\/joventut\/el-projecte\/\" \/>\n<meta property=\"og:locale\" content=\"ca_ES\" \/>\n<meta property=\"og:type\" content=\"article\" \/>\n<meta property=\"og:title\" content=\"El projecte - Menorca al plat\" \/>\n<meta property=\"og:description\" content=\"L&#8217;objectiu principal Un projecte d&#8217;educaci\u00f3 nutricional en valors Esportistes en edat escolar: la nostra prioritat Els h\u00e0bits d\u2019estil de vida adquirits en edat infantil configuren el perfil de prefer\u00e8ncies d\u2019etapes posteriors. L\u2019edat escolar \u00e9s de gran inter\u00e8s per promoure l\u2019adquisici\u00f3 de coneixements, potenciar habilitats i capacitats i afavorir l\u2019adquisici\u00f3 d\u2019h\u00e0bits relacionats amb una alimentaci\u00f3 saludable&hellip;\" \/>\n<meta property=\"og:url\" content=\"https:\/\/menorcalplat.com\/joventut\/el-projecte\/\" \/>\n<meta property=\"og:site_name\" content=\"Menorca al plat\" \/>\n<meta property=\"article:modified_time\" content=\"2021-02-25T12:53:58+00:00\" \/>\n<meta property=\"og:image\" content=\"http:\/\/menorcalplat.com\/joventut\/wp-content\/uploads\/2021\/02\/icona-map.svg\" \/>\n<meta name=\"twitter:card\" content=\"summary_large_image\" \/>\n<meta name=\"twitter:label1\" content=\"Temps estimat de lectura\" \/>\n\t<meta name=\"twitter:data1\" content=\"6 minuts\" \/>\n<script type=\"application\/ld+json\" class=\"yoast-schema-graph\">{\"@context\":\"https:\/\/schema.org\",\"@graph\":[{\"@type\":\"WebPage\",\"@id\":\"https:\/\/menorcalplat.com\/joventut\/el-projecte\/\",\"url\":\"https:\/\/menorcalplat.com\/joventut\/el-projecte\/\",\"name\":\"El projecte - Menorca al plat\",\"isPartOf\":{\"@id\":\"https:\/\/menorcalplat.com\/joventut\/es\/#website\"},\"primaryImageOfPage\":{\"@id\":\"https:\/\/menorcalplat.com\/joventut\/el-projecte\/#primaryimage\"},\"image\":{\"@id\":\"https:\/\/menorcalplat.com\/joventut\/el-projecte\/#primaryimage\"},\"thumbnailUrl\":\"http:\/\/menorcalplat.com\/joventut\/wp-content\/uploads\/2021\/02\/icona-map.svg\",\"datePublished\":\"2020-09-26T11:31:15+00:00\",\"dateModified\":\"2021-02-25T12:53:58+00:00\",\"inLanguage\":\"ca\",\"potentialAction\":[{\"@type\":\"ReadAction\",\"target\":[\"https:\/\/menorcalplat.com\/joventut\/el-projecte\/\"]}]},{\"@type\":\"ImageObject\",\"inLanguage\":\"ca\",\"@id\":\"https:\/\/menorcalplat.com\/joventut\/el-projecte\/#primaryimage\",\"url\":\"https:\/\/menorcalplat.com\/joventut\/wp-content\/uploads\/2021\/02\/icona-map.svg\",\"contentUrl\":\"https:\/\/menorcalplat.com\/joventut\/wp-content\/uploads\/2021\/02\/icona-map.svg\",\"width\":522,\"height\":522,\"caption\":\"menorca al plat joventut\"},{\"@type\":\"WebSite\",\"@id\":\"https:\/\/menorcalplat.com\/joventut\/es\/#website\",\"url\":\"https:\/\/menorcalplat.com\/joventut\/es\/\",\"name\":\"Menorca al plat\",\"description\":\"de la joventut\",\"potentialAction\":[{\"@type\":\"SearchAction\",\"target\":{\"@type\":\"EntryPoint\",\"urlTemplate\":\"https:\/\/menorcalplat.com\/joventut\/es\/?s={search_term_string}\"},\"query-input\":{\"@type\":\"PropertyValueSpecification\",\"valueRequired\":true,\"valueName\":\"search_term_string\"}}],\"inLanguage\":\"ca\"}]}<\/script>\n<!-- \/ Yoast SEO plugin. -->","yoast_head_json":{"title":"El projecte - Menorca al plat","robots":{"index":"index","follow":"follow","max-snippet":"max-snippet:-1","max-image-preview":"max-image-preview:large","max-video-preview":"max-video-preview:-1"},"canonical":"https:\/\/menorcalplat.com\/joventut\/el-projecte\/","og_locale":"ca_ES","og_type":"article","og_title":"El projecte - Menorca al plat","og_description":"L&#8217;objectiu principal Un projecte d&#8217;educaci\u00f3 nutricional en valors Esportistes en edat escolar: la nostra prioritat Els h\u00e0bits d\u2019estil de vida adquirits en edat infantil configuren el perfil de prefer\u00e8ncies d\u2019etapes posteriors. L\u2019edat escolar \u00e9s de gran inter\u00e8s per promoure l\u2019adquisici\u00f3 de coneixements, potenciar habilitats i capacitats i afavorir l\u2019adquisici\u00f3 d\u2019h\u00e0bits relacionats amb una alimentaci\u00f3 saludable&hellip;","og_url":"https:\/\/menorcalplat.com\/joventut\/el-projecte\/","og_site_name":"Menorca al plat","article_modified_time":"2021-02-25T12:53:58+00:00","og_image":[{"url":"http:\/\/menorcalplat.com\/joventut\/wp-content\/uploads\/2021\/02\/icona-map.svg"}],"twitter_card":"summary_large_image","twitter_misc":{"Temps estimat de lectura":"6 minuts"},"schema":{"@context":"https:\/\/schema.org","@graph":[{"@type":"WebPage","@id":"https:\/\/menorcalplat.com\/joventut\/el-projecte\/","url":"https:\/\/menorcalplat.com\/joventut\/el-projecte\/","name":"El projecte - Menorca al plat","isPartOf":{"@id":"https:\/\/menorcalplat.com\/joventut\/es\/#website"},"primaryImageOfPage":{"@id":"https:\/\/menorcalplat.com\/joventut\/el-projecte\/#primaryimage"},"image":{"@id":"https:\/\/menorcalplat.com\/joventut\/el-projecte\/#primaryimage"},"thumbnailUrl":"http:\/\/menorcalplat.com\/joventut\/wp-content\/uploads\/2021\/02\/icona-map.svg","datePublished":"2020-09-26T11:31:15+00:00","dateModified":"2021-02-25T12:53:58+00:00","inLanguage":"ca","potentialAction":[{"@type":"ReadAction","target":["https:\/\/menorcalplat.com\/joventut\/el-projecte\/"]}]},{"@type":"ImageObject","inLanguage":"ca","@id":"https:\/\/menorcalplat.com\/joventut\/el-projecte\/#primaryimage","url":"https:\/\/menorcalplat.com\/joventut\/wp-content\/uploads\/2021\/02\/icona-map.svg","contentUrl":"https:\/\/menorcalplat.com\/joventut\/wp-content\/uploads\/2021\/02\/icona-map.svg","width":522,"height":522,"caption":"menorca al plat joventut"},{"@type":"WebSite","@id":"https:\/\/menorcalplat.com\/joventut\/es\/#website","url":"https:\/\/menorcalplat.com\/joventut\/es\/","name":"Menorca al plat","description":"de la joventut","potentialAction":[{"@type":"SearchAction","target":{"@type":"EntryPoint","urlTemplate":"https:\/\/menorcalplat.com\/joventut\/es\/?s={search_term_string}"},"query-input":{"@type":"PropertyValueSpecification","valueRequired":true,"valueName":"search_term_string"}}],"inLanguage":"ca"}]}},"_links":{"self":[{"href":"https:\/\/menorcalplat.com\/joventut\/wp-json\/wp\/v2\/pages\/12"}],"collection":[{"href":"https:\/\/menorcalplat.com\/joventut\/wp-json\/wp\/v2\/pages"}],"about":[{"href":"https:\/\/menorcalplat.com\/joventut\/wp-json\/wp\/v2\/types\/page"}],"author":[{"embeddable":true,"href":"https:\/\/menorcalplat.com\/joventut\/wp-json\/wp\/v2\/users\/1"}],"replies":[{"embeddable":true,"href":"https:\/\/menorcalplat.com\/joventut\/wp-json\/wp\/v2\/comments?post=12"}],"version-history":[{"count":146,"href":"https:\/\/menorcalplat.com\/joventut\/wp-json\/wp\/v2\/pages\/12\/revisions"}],"predecessor-version":[{"id":1409,"href":"https:\/\/menorcalplat.com\/joventut\/wp-json\/wp\/v2\/pages\/12\/revisions\/1409"}],"wp:attachment":[{"href":"https:\/\/menorcalplat.com\/joventut\/wp-json\/wp\/v2\/media?parent=12"}],"curies":[{"name":"wp","href":"https:\/\/api.w.org\/{rel}","templated":true}]}}