{"id":639,"date":"2020-10-22T10:59:22","date_gmt":"2020-10-22T08:59:22","guid":{"rendered":"http:\/\/menorcalplat.com\/joventut\/el-proyecto\/"},"modified":"2021-02-25T14:01:37","modified_gmt":"2021-02-25T13:01:37","slug":"el-proyecto","status":"publish","type":"page","link":"https:\/\/menorcalplat.com\/joventut\/es\/el-proyecto\/","title":{"rendered":"El proyecto"},"content":{"rendered":"\t\t<div data-elementor-type=\"wp-page\" data-elementor-id=\"639\" class=\"elementor elementor-639 elementor-12\" data-elementor-post-type=\"page\">\n\t\t\t\t\t\t<section class=\"elementor-section elementor-top-section elementor-element elementor-element-2c89f10 elementor-section-height-min-height elementor-section-content-middle elementor-section-boxed elementor-section-height-default elementor-section-items-middle\" data-id=\"2c89f10\" data-element_type=\"section\" data-settings=\"{&quot;background_background&quot;:&quot;classic&quot;}\">\n\t\t\t\t\t\t<div class=\"elementor-container elementor-column-gap-default\">\n\t\t\t\t\t<div class=\"elementor-column elementor-col-50 elementor-top-column elementor-element elementor-element-9ba5219\" data-id=\"9ba5219\" data-element_type=\"column\">\n\t\t\t<div class=\"elementor-widget-wrap elementor-element-populated\">\n\t\t\t\t\t\t<div class=\"elementor-element elementor-element-0b7db28 elementor-widget elementor-widget-heading\" data-id=\"0b7db28\" data-element_type=\"widget\" data-widget_type=\"heading.default\">\n\t\t\t\t<div class=\"elementor-widget-container\">\n\t\t\t<h3 class=\"elementor-heading-title elementor-size-small\">El objetivo principal<\/h3>\t\t<\/div>\n\t\t\t\t<\/div>\n\t\t\t\t<div class=\"elementor-element elementor-element-f080f14 elementor-widget elementor-widget-heading\" data-id=\"f080f14\" data-element_type=\"widget\" data-widget_type=\"heading.default\">\n\t\t\t\t<div class=\"elementor-widget-container\">\n\t\t\t<h1 class=\"elementor-heading-title elementor-size-xl\">Un proyecto de educaci\u00f3n nutricional en valores<\/h1>\t\t<\/div>\n\t\t\t\t<\/div>\n\t\t\t\t\t<\/div>\n\t\t<\/div>\n\t\t\t\t<div class=\"elementor-column elementor-col-50 elementor-top-column elementor-element elementor-element-c8761ef\" data-id=\"c8761ef\" data-element_type=\"column\">\n\t\t\t<div class=\"elementor-widget-wrap\">\n\t\t\t\t\t\t\t<\/div>\n\t\t<\/div>\n\t\t\t\t\t<\/div>\n\t\t<\/section>\n\t\t\t\t<section class=\"elementor-section elementor-top-section elementor-element elementor-element-1dfc911 elementor-section-content-top elementor-section-boxed elementor-section-height-default elementor-section-height-default\" data-id=\"1dfc911\" data-element_type=\"section\">\n\t\t\t\t\t\t<div class=\"elementor-container elementor-column-gap-default\">\n\t\t\t\t\t<div class=\"elementor-column elementor-col-50 elementor-top-column elementor-element elementor-element-6ac82da\" data-id=\"6ac82da\" data-element_type=\"column\">\n\t\t\t<div class=\"elementor-widget-wrap elementor-element-populated\">\n\t\t\t\t\t\t<div class=\"elementor-element elementor-element-7705b95 elementor-widget elementor-widget-heading\" data-id=\"7705b95\" data-element_type=\"widget\" data-widget_type=\"heading.default\">\n\t\t\t\t<div class=\"elementor-widget-container\">\n\t\t\t<h2 class=\"elementor-heading-title elementor-size-large\">Deportistas en edad escolar: nuestra prioridad<\/h2>\t\t<\/div>\n\t\t\t\t<\/div>\n\t\t\t\t<div class=\"elementor-element elementor-element-fd6e1e7 elementor-widget elementor-widget-text-editor\" data-id=\"fd6e1e7\" data-element_type=\"widget\" data-widget_type=\"text-editor.default\">\n\t\t\t\t<div class=\"elementor-widget-container\">\n\t\t\t\t\t\t\t<p>Los h\u00e1bitos de estilo de vida adquiridos en edad infantil configuran el perfil de preferencias de etapas posteriores. La edad escolar es de gran inter\u00e9s para promover la adquisici\u00f3n de conocimientos, potenciar habilidades y capacidades y favorecer la adquisici\u00f3n de h\u00e1bitos relacionados con una alimentaci\u00f3n saludable y sostenible, capacitando los ni\u00f1os para tomar decisiones con plena autonom\u00eda.<\/p>\t\t\t\t\t\t<\/div>\n\t\t\t\t<\/div>\n\t\t\t\t<div class=\"elementor-element elementor-element-1cc5f77 elementor-widget elementor-widget-toggle\" data-id=\"1cc5f77\" data-element_type=\"widget\" data-widget_type=\"toggle.default\">\n\t\t\t\t<div class=\"elementor-widget-container\">\n\t\t\t\t\t<div class=\"elementor-toggle\">\n\t\t\t\t\t\t\t<div class=\"elementor-toggle-item\">\n\t\t\t\t\t<div id=\"elementor-tab-title-3011\" class=\"elementor-tab-title\" data-tab=\"1\" role=\"button\" aria-controls=\"elementor-tab-content-3011\" aria-expanded=\"false\">\n\t\t\t\t\t\t\t\t\t\t\t\t<a class=\"elementor-toggle-title\" tabindex=\"0\">Ver m\u00e1s<\/a>\n\t\t\t\t\t<\/div>\n\n\t\t\t\t\t<div id=\"elementor-tab-content-3011\" class=\"elementor-tab-content elementor-clearfix\" data-tab=\"1\" role=\"region\" aria-labelledby=\"elementor-tab-title-3011\"><p>En este sentido, los entornos deportivos adquieren un relevancia especial en proyectos de educaci\u00f3n nutricional, porque se configuran como elementos din\u00e1micos proporcionando una oportunidad de gran valor para estimular y poner en pr\u00e1ctica el aprendizaje de nuevas conductas. Adem\u00e1s, entendemos los clubes deportivos como un conjunto de posibles grupos diana de intervenci\u00f3n: deportistas, familias, equipos t\u00e9cnicos y personas coordinadoras constituyen comunidades con un gran potencial en la hora de crear entornos favorables y desarrollar estrategias eficaces para cambiar las preferencias de actitudes y h\u00e1bitos poco saludables y sostenibles.<\/p><p>La pr\u00e1ctica de deporte en un entorno favorable puede ofrecer una buena oportunidad para definir maneras de hacer, conversas, ambientes y propuestas de aprendizaje, tambi\u00e9n en el \u00e1mbito alimentario, en coordinaci\u00f3n con las familias y la comunidad educativa formal, con posibilidades transformadoras prometedoras hacia un sistema alimentario m\u00e1s coherente y respetuoso con lo el entorno.<\/p><\/div>\n\t\t\t\t<\/div>\n\t\t\t\t\t\t\t\t<\/div>\n\t\t\t\t<\/div>\n\t\t\t\t<\/div>\n\t\t\t\t\t<\/div>\n\t\t<\/div>\n\t\t\t\t<div class=\"elementor-column elementor-col-50 elementor-top-column elementor-element elementor-element-b2810f8\" data-id=\"b2810f8\" data-element_type=\"column\">\n\t\t\t<div class=\"elementor-widget-wrap elementor-element-populated\">\n\t\t\t\t\t\t<div class=\"elementor-element elementor-element-c79f04f elementor-widget elementor-widget-image\" data-id=\"c79f04f\" data-element_type=\"widget\" data-widget_type=\"image.default\">\n\t\t\t\t<div class=\"elementor-widget-container\">\n\t\t\t\t\t\t\t\t\t\t\t\t\t<img fetchpriority=\"high\" decoding=\"async\" width=\"522\" height=\"522\" src=\"https:\/\/menorcalplat.com\/joventut\/wp-content\/uploads\/2021\/02\/icona-map.svg\" class=\"attachment-large size-large wp-image-856\" alt=\"menorca al plat joventut\" \/>\t\t\t\t\t\t\t\t\t\t\t\t\t<\/div>\n\t\t\t\t<\/div>\n\t\t\t\t\t<\/div>\n\t\t<\/div>\n\t\t\t\t\t<\/div>\n\t\t<\/section>\n\t\t\t\t<section class=\"elementor-section elementor-top-section elementor-element elementor-element-24f13be elementor-section-content-middle elementor-section-boxed elementor-section-height-default elementor-section-height-default\" data-id=\"24f13be\" data-element_type=\"section\">\n\t\t\t\t\t\t<div class=\"elementor-container elementor-column-gap-default\">\n\t\t\t\t\t<div class=\"elementor-column elementor-col-100 elementor-top-column elementor-element elementor-element-cc18fdd\" data-id=\"cc18fdd\" data-element_type=\"column\">\n\t\t\t<div class=\"elementor-widget-wrap elementor-element-populated\">\n\t\t\t\t\t\t<div class=\"elementor-element elementor-element-9a54ace elementor-widget elementor-widget-heading\" data-id=\"9a54ace\" data-element_type=\"widget\" data-widget_type=\"heading.default\">\n\t\t\t\t<div class=\"elementor-widget-container\">\n\t\t\t<h2 class=\"elementor-heading-title elementor-size-large\">Las claves del proyecto<\/h2>\t\t<\/div>\n\t\t\t\t<\/div>\n\t\t\t\t<div class=\"elementor-element elementor-element-902a947 elementor-widget elementor-widget-spacer\" data-id=\"902a947\" data-element_type=\"widget\" data-widget_type=\"spacer.default\">\n\t\t\t\t<div class=\"elementor-widget-container\">\n\t\t\t\t\t<div class=\"elementor-spacer\">\n\t\t\t<div class=\"elementor-spacer-inner\"><\/div>\n\t\t<\/div>\n\t\t\t\t<\/div>\n\t\t\t\t<\/div>\n\t\t\t\t\t<\/div>\n\t\t<\/div>\n\t\t\t\t\t<\/div>\n\t\t<\/section>\n\t\t\t\t<section class=\"elementor-section elementor-top-section elementor-element elementor-element-2aca726 elementor-section-boxed elementor-section-height-default elementor-section-height-default\" data-id=\"2aca726\" data-element_type=\"section\">\n\t\t\t\t\t\t<div class=\"elementor-container elementor-column-gap-default\">\n\t\t\t\t\t<div class=\"elementor-column elementor-col-50 elementor-top-column elementor-element elementor-element-9304680\" data-id=\"9304680\" data-element_type=\"column\">\n\t\t\t<div class=\"elementor-widget-wrap elementor-element-populated\">\n\t\t\t\t\t\t<div class=\"elementor-element elementor-element-5e281de elementor-widget elementor-widget-map-titol-icona\" data-id=\"5e281de\" data-element_type=\"widget\" data-widget_type=\"map-titol-icona.default\">\n\t\t\t\t<div class=\"elementor-widget-container\">\n\t\t\t<div class=\"titol-icona d-flex flex-row justify-content-start\"><img decoding=\"async\" src=\"http:\/\/menorcalplat.com\/joventut\/wp-content\/uploads\/2021\/02\/ico-salut.svg\" class=\"ico-sm\" alt=\"Salud\"><h3>Salud<\/h3><\/div>\t\t<\/div>\n\t\t\t\t<\/div>\n\t\t\t\t<div class=\"elementor-element elementor-element-3fc43da elementor-widget elementor-widget-text-editor\" data-id=\"3fc43da\" data-element_type=\"widget\" data-widget_type=\"text-editor.default\">\n\t\t\t\t<div class=\"elementor-widget-container\">\n\t\t\t\t\t\t\t<p>Velamos para que el entorno del deportista sea saludable, especialmente en aquellos espacios y momentos vinculados a la pr\u00e1ctica deportiva relacionados con la alimentaci\u00f3n. Acercamos herramientas y estrategias a deportistas, familias y clubs para mejorar la calidad de las meriendas y\u00a0berenetes\u00a0en torno a los entrenamientos y las competiciones.<\/p>\t\t\t\t\t\t<\/div>\n\t\t\t\t<\/div>\n\t\t\t\t<div class=\"elementor-element elementor-element-6df83ee elementor-widget elementor-widget-spacer\" data-id=\"6df83ee\" data-element_type=\"widget\" data-widget_type=\"spacer.default\">\n\t\t\t\t<div class=\"elementor-widget-container\">\n\t\t\t\t\t<div class=\"elementor-spacer\">\n\t\t\t<div class=\"elementor-spacer-inner\"><\/div>\n\t\t<\/div>\n\t\t\t\t<\/div>\n\t\t\t\t<\/div>\n\t\t\t\t\t<\/div>\n\t\t<\/div>\n\t\t\t\t<div class=\"elementor-column elementor-col-50 elementor-top-column elementor-element elementor-element-e824972\" data-id=\"e824972\" data-element_type=\"column\">\n\t\t\t<div class=\"elementor-widget-wrap elementor-element-populated\">\n\t\t\t\t\t\t<div class=\"elementor-element elementor-element-fe0cec8 elementor-widget elementor-widget-map-titol-icona\" data-id=\"fe0cec8\" data-element_type=\"widget\" data-widget_type=\"map-titol-icona.default\">\n\t\t\t\t<div class=\"elementor-widget-container\">\n\t\t\t<div class=\"titol-icona d-flex flex-row justify-content-start\"><img decoding=\"async\" src=\"http:\/\/menorcalplat.com\/joventut\/wp-content\/uploads\/2021\/02\/ico-sostenibilitat.svg\" class=\"ico-sm\" alt=\"Sostenibilidad\"><h3>Sostenibilidad<\/h3><\/div>\t\t<\/div>\n\t\t\t\t<\/div>\n\t\t\t\t<div class=\"elementor-element elementor-element-d86a6d3 elementor-widget elementor-widget-text-editor\" data-id=\"d86a6d3\" data-element_type=\"widget\" data-widget_type=\"text-editor.default\">\n\t\t\t\t<div class=\"elementor-widget-container\">\n\t\t\t\t\t\t\t<p>Entendemos la salud como la forma m\u00e1s integral de bienestar. Trabajamos para construir un modelo alimentario y de consumo que vele por la salud de la persona y a la vez, por la salud del entorno y el medio ambiente. Realizamos acciones que pongan en valor los alimentos frescos y de temporada, producidos localmente y de forma agroecol\u00f3gica.<\/p>\t\t\t\t\t\t<\/div>\n\t\t\t\t<\/div>\n\t\t\t\t<div class=\"elementor-element elementor-element-27f45aa elementor-widget elementor-widget-spacer\" data-id=\"27f45aa\" data-element_type=\"widget\" data-widget_type=\"spacer.default\">\n\t\t\t\t<div class=\"elementor-widget-container\">\n\t\t\t\t\t<div class=\"elementor-spacer\">\n\t\t\t<div class=\"elementor-spacer-inner\"><\/div>\n\t\t<\/div>\n\t\t\t\t<\/div>\n\t\t\t\t<\/div>\n\t\t\t\t\t<\/div>\n\t\t<\/div>\n\t\t\t\t\t<\/div>\n\t\t<\/section>\n\t\t\t\t<section class=\"elementor-section elementor-top-section elementor-element elementor-element-91ac01c elementor-section-boxed elementor-section-height-default elementor-section-height-default\" data-id=\"91ac01c\" data-element_type=\"section\">\n\t\t\t\t\t\t<div class=\"elementor-container elementor-column-gap-default\">\n\t\t\t\t\t<div class=\"elementor-column elementor-col-50 elementor-top-column elementor-element elementor-element-3113969\" data-id=\"3113969\" data-element_type=\"column\">\n\t\t\t<div class=\"elementor-widget-wrap elementor-element-populated\">\n\t\t\t\t\t\t<div class=\"elementor-element elementor-element-a389142 elementor-widget elementor-widget-map-titol-icona\" data-id=\"a389142\" data-element_type=\"widget\" data-widget_type=\"map-titol-icona.default\">\n\t\t\t\t<div class=\"elementor-widget-container\">\n\t\t\t<div class=\"titol-icona d-flex flex-row justify-content-start\"><img decoding=\"async\" src=\"http:\/\/menorcalplat.com\/joventut\/wp-content\/uploads\/2021\/02\/ico-acompanyament.svg\" class=\"ico-sm\" alt=\"Acompa\u00f1amiento\"><h3>Acompa\u00f1amiento<\/h3><\/div>\t\t<\/div>\n\t\t\t\t<\/div>\n\t\t\t\t<div class=\"elementor-element elementor-element-3f410b2 elementor-widget elementor-widget-text-editor\" data-id=\"3f410b2\" data-element_type=\"widget\" data-widget_type=\"text-editor.default\">\n\t\t\t\t<div class=\"elementor-widget-container\">\n\t\t\t\t\t\t\t<p>Nuestro quehacer es ofrecer un acompa\u00f1amiento al deportista, a su familia y al equipo t\u00e9cnico y de coordinaci\u00f3n de los clubes deportivos. Facilitamos la puesta en marcha de acciones transformadoras, positivas, realistas y adaptadas a cada contexto, que persiguen la mejora del entorno alimentario de la comunidad deportiva.<\/p>\t\t\t\t\t\t<\/div>\n\t\t\t\t<\/div>\n\t\t\t\t<div class=\"elementor-element elementor-element-e04f668 elementor-widget elementor-widget-spacer\" data-id=\"e04f668\" data-element_type=\"widget\" data-widget_type=\"spacer.default\">\n\t\t\t\t<div class=\"elementor-widget-container\">\n\t\t\t\t\t<div class=\"elementor-spacer\">\n\t\t\t<div class=\"elementor-spacer-inner\"><\/div>\n\t\t<\/div>\n\t\t\t\t<\/div>\n\t\t\t\t<\/div>\n\t\t\t\t\t<\/div>\n\t\t<\/div>\n\t\t\t\t<div class=\"elementor-column elementor-col-50 elementor-top-column elementor-element elementor-element-bbc9bba\" data-id=\"bbc9bba\" data-element_type=\"column\">\n\t\t\t<div class=\"elementor-widget-wrap elementor-element-populated\">\n\t\t\t\t\t\t<div class=\"elementor-element elementor-element-f518e27 elementor-widget elementor-widget-map-titol-icona\" data-id=\"f518e27\" data-element_type=\"widget\" data-widget_type=\"map-titol-icona.default\">\n\t\t\t\t<div class=\"elementor-widget-container\">\n\t\t\t<div class=\"titol-icona d-flex flex-row justify-content-start\"><img decoding=\"async\" src=\"http:\/\/menorcalplat.com\/joventut\/wp-content\/uploads\/2021\/02\/ico-valors.svg\" class=\"ico-sm\" alt=\"Valores positivos\"><h3>Valores positivos<\/h3><\/div>\t\t<\/div>\n\t\t\t\t<\/div>\n\t\t\t\t<div class=\"elementor-element elementor-element-25dc54d elementor-widget elementor-widget-text-editor\" data-id=\"25dc54d\" data-element_type=\"widget\" data-widget_type=\"text-editor.default\">\n\t\t\t\t<div class=\"elementor-widget-container\">\n\t\t\t\t\t\t\t<p>Vinculando la alimentaci\u00f3n saludable y sostenible a la pr\u00e1ctica saludable de deporte, trabajamos para crear entornos muy ricos en valores que pongan al alcance de deportistas y consumidores j\u00f3venes un camino hacia una sociedad mentalmente m\u00e1s fuerte, m\u00e1s rica en capacidades y habilidades, m\u00e1s cr\u00edtica, m\u00e1s consciente.<\/p>\t\t\t\t\t\t<\/div>\n\t\t\t\t<\/div>\n\t\t\t\t<div class=\"elementor-element elementor-element-8a74869 elementor-widget elementor-widget-spacer\" data-id=\"8a74869\" data-element_type=\"widget\" data-widget_type=\"spacer.default\">\n\t\t\t\t<div class=\"elementor-widget-container\">\n\t\t\t\t\t<div class=\"elementor-spacer\">\n\t\t\t<div class=\"elementor-spacer-inner\"><\/div>\n\t\t<\/div>\n\t\t\t\t<\/div>\n\t\t\t\t<\/div>\n\t\t\t\t\t<\/div>\n\t\t<\/div>\n\t\t\t\t\t<\/div>\n\t\t<\/section>\n\t\t\t\t<section class=\"elementor-section elementor-top-section elementor-element elementor-element-ed25876 elementor-section-boxed elementor-section-height-default elementor-section-height-default\" data-id=\"ed25876\" data-element_type=\"section\">\n\t\t\t\t\t\t<div class=\"elementor-container elementor-column-gap-default\">\n\t\t\t\t\t\t<\/div>\n\t\t<\/section>\n\t\t\t\t<section class=\"elementor-section elementor-top-section elementor-element elementor-element-94e2e45 elementor-section-content-middle elementor-section-boxed elementor-section-height-default elementor-section-height-default\" data-id=\"94e2e45\" data-element_type=\"section\" data-settings=\"{&quot;background_background&quot;:&quot;classic&quot;}\">\n\t\t\t\t\t\t<div class=\"elementor-container elementor-column-gap-default\">\n\t\t\t\t\t<div class=\"elementor-column elementor-col-50 elementor-top-column elementor-element elementor-element-e993f15\" data-id=\"e993f15\" data-element_type=\"column\">\n\t\t\t<div class=\"elementor-widget-wrap elementor-element-populated\">\n\t\t\t\t\t\t<div class=\"elementor-element elementor-element-7625d8c elementor-widget elementor-widget-image\" data-id=\"7625d8c\" data-element_type=\"widget\" data-widget_type=\"image.default\">\n\t\t\t\t<div class=\"elementor-widget-container\">\n\t\t\t\t\t\t\t\t\t\t\t\t\t<img decoding=\"async\" width=\"127\" height=\"85\" src=\"https:\/\/menorcalplat.com\/joventut\/wp-content\/uploads\/2020\/09\/ones.svg\" class=\"attachment-full size-full wp-image-640\" alt=\"\" \/>\t\t\t\t\t\t\t\t\t\t\t\t\t<\/div>\n\t\t\t\t<\/div>\n\t\t\t\t<div class=\"elementor-element elementor-element-8bb00cb elementor-widget elementor-widget-spacer\" data-id=\"8bb00cb\" data-element_type=\"widget\" data-widget_type=\"spacer.default\">\n\t\t\t\t<div class=\"elementor-widget-container\">\n\t\t\t\t\t<div class=\"elementor-spacer\">\n\t\t\t<div class=\"elementor-spacer-inner\"><\/div>\n\t\t<\/div>\n\t\t\t\t<\/div>\n\t\t\t\t<\/div>\n\t\t\t\t<div class=\"elementor-element elementor-element-43fbac7 elementor-widget elementor-widget-heading\" data-id=\"43fbac7\" data-element_type=\"widget\" data-widget_type=\"heading.default\">\n\t\t\t\t<div class=\"elementor-widget-container\">\n\t\t\t<h3 class=\"elementor-heading-title elementor-size-large\">Realizamos acciones hacia un modelo agroecol\u00f3gico que permita a las familias de Menorca consumir alimentos arraigados al territorio y producidos de forma respetuosa.<\/h3>\t\t<\/div>\n\t\t\t\t<\/div>\n\t\t\t\t<div class=\"elementor-element elementor-element-ea71be0 elementor-widget elementor-widget-spacer\" data-id=\"ea71be0\" data-element_type=\"widget\" data-widget_type=\"spacer.default\">\n\t\t\t\t<div class=\"elementor-widget-container\">\n\t\t\t\t\t<div class=\"elementor-spacer\">\n\t\t\t<div class=\"elementor-spacer-inner\"><\/div>\n\t\t<\/div>\n\t\t\t\t<\/div>\n\t\t\t\t<\/div>\n\t\t\t\t<div class=\"elementor-element elementor-element-9654ad7 elementor-widget elementor-widget-map-button-fletxa\" data-id=\"9654ad7\" data-element_type=\"widget\" data-widget_type=\"map-button-fletxa.default\">\n\t\t\t\t<div class=\"elementor-widget-container\">\n\t\t\t<a class=\"btn-fletxa btn-fletxa-blanc\" href=\"http:\/\/menorcalplat.com\/joventut\/es\/agentes-participantes\/\" role=\"button\">Conoce los agentes participantes <i class=\"icon-fletxa-dreta\"><\/i><\/a>\t\t<\/div>\n\t\t\t\t<\/div>\n\t\t\t\t<div class=\"elementor-element elementor-element-535c62a elementor-widget elementor-widget-spacer\" data-id=\"535c62a\" data-element_type=\"widget\" data-widget_type=\"spacer.default\">\n\t\t\t\t<div class=\"elementor-widget-container\">\n\t\t\t\t\t<div class=\"elementor-spacer\">\n\t\t\t<div class=\"elementor-spacer-inner\"><\/div>\n\t\t<\/div>\n\t\t\t\t<\/div>\n\t\t\t\t<\/div>\n\t\t\t\t\t<\/div>\n\t\t<\/div>\n\t\t\t\t<div class=\"elementor-column elementor-col-50 elementor-top-column elementor-element elementor-element-3c6446d\" data-id=\"3c6446d\" data-element_type=\"column\">\n\t\t\t<div class=\"elementor-widget-wrap\">\n\t\t\t\t\t\t\t<\/div>\n\t\t<\/div>\n\t\t\t\t\t<\/div>\n\t\t<\/section>\n\t\t\t\t<section class=\"elementor-section elementor-top-section elementor-element elementor-element-843e77e elementor-section-content-middle elementor-section-boxed elementor-section-height-default elementor-section-height-default\" data-id=\"843e77e\" data-element_type=\"section\" data-settings=\"{&quot;background_background&quot;:&quot;classic&quot;}\">\n\t\t\t\t\t\t<div class=\"elementor-container elementor-column-gap-default\">\n\t\t\t\t\t<div class=\"elementor-column elementor-col-50 elementor-top-column elementor-element elementor-element-896d1d7\" data-id=\"896d1d7\" data-element_type=\"column\">\n\t\t\t<div class=\"elementor-widget-wrap elementor-element-populated\">\n\t\t\t\t\t\t<div class=\"elementor-element elementor-element-13ec483 elementor-widget elementor-widget-heading\" data-id=\"13ec483\" data-element_type=\"widget\" data-widget_type=\"heading.default\">\n\t\t\t\t<div class=\"elementor-widget-container\">\n\t\t\t<h2 class=\"elementor-heading-title elementor-size-large\">El inicio<\/h2>\t\t<\/div>\n\t\t\t\t<\/div>\n\t\t\t\t<div class=\"elementor-element elementor-element-a5c7447 elementor-widget elementor-widget-text-editor\" data-id=\"a5c7447\" data-element_type=\"widget\" data-widget_type=\"text-editor.default\">\n\t\t\t\t<div class=\"elementor-widget-container\">\n\t\t\t\t\t\t\t<p>El proyecto nace el octubre de 2020 y se concibe a partir del proyecto \u201cMenorca al plato de la escuela\u201d. Es una iniciativa propia de la asociaci\u00f3n Leader, integrada dentro de la Estrategia de Desarrollo Local Participativo Rural 2016-2021.<\/p><p>Se trabaja de manera coordinada con el programa Intesgrasport del Departamento de Deportes del Consell Insular de Menorca, para crear alianzas comunes alrededor de la alimentaci\u00f3n de ni\u00f1os deportistas.<\/p>\t\t\t\t\t\t<\/div>\n\t\t\t\t<\/div>\n\t\t\t\t\t<\/div>\n\t\t<\/div>\n\t\t\t\t<div class=\"elementor-column elementor-col-50 elementor-top-column elementor-element elementor-element-8657986\" data-id=\"8657986\" data-element_type=\"column\">\n\t\t\t<div class=\"elementor-widget-wrap elementor-element-populated\">\n\t\t\t\t\t\t<div class=\"elementor-element elementor-element-1cfd107 elementor-widget elementor-widget-video\" data-id=\"1cfd107\" data-element_type=\"widget\" data-settings=\"{&quot;youtube_url&quot;:&quot;https:\\\/\\\/www.youtube.com\\\/watch?v=mu49xqJI1Eg&amp;feature=emb_title&quot;,&quot;video_type&quot;:&quot;youtube&quot;,&quot;controls&quot;:&quot;yes&quot;}\" data-widget_type=\"video.default\">\n\t\t\t\t<div class=\"elementor-widget-container\">\n\t\t\t\t\t<div class=\"elementor-wrapper elementor-open-inline\">\n\t\t\t<div class=\"elementor-video\"><\/div>\t\t<\/div>\n\t\t\t\t<\/div>\n\t\t\t\t<\/div>\n\t\t\t\t\t<\/div>\n\t\t<\/div>\n\t\t\t\t\t<\/div>\n\t\t<\/section>\n\t\t\t\t<section class=\"elementor-section elementor-top-section elementor-element elementor-element-de5e468 elementor-section-boxed elementor-section-height-default elementor-section-height-default\" data-id=\"de5e468\" data-element_type=\"section\">\n\t\t\t\t\t\t<div class=\"elementor-container elementor-column-gap-default\">\n\t\t\t\t\t<div class=\"elementor-column elementor-col-100 elementor-top-column elementor-element elementor-element-6b2560a\" data-id=\"6b2560a\" data-element_type=\"column\">\n\t\t\t<div class=\"elementor-widget-wrap elementor-element-populated\">\n\t\t\t\t\t\t<div class=\"elementor-element elementor-element-2aab3b3 elementor-widget elementor-widget-spacer\" data-id=\"2aab3b3\" data-element_type=\"widget\" data-widget_type=\"spacer.default\">\n\t\t\t\t<div class=\"elementor-widget-container\">\n\t\t\t\t\t<div class=\"elementor-spacer\">\n\t\t\t<div class=\"elementor-spacer-inner\"><\/div>\n\t\t<\/div>\n\t\t\t\t<\/div>\n\t\t\t\t<\/div>\n\t\t\t\t\t<\/div>\n\t\t<\/div>\n\t\t\t\t\t<\/div>\n\t\t<\/section>\n\t\t\t\t<section class=\"elementor-section elementor-top-section elementor-element elementor-element-6884305 elementor-section-boxed elementor-section-height-default elementor-section-height-default\" data-id=\"6884305\" data-element_type=\"section\">\n\t\t\t\t\t\t<div class=\"elementor-container elementor-column-gap-default\">\n\t\t\t\t\t<div class=\"elementor-column elementor-col-33 elementor-top-column elementor-element elementor-element-2b2278d\" data-id=\"2b2278d\" data-element_type=\"column\">\n\t\t\t<div class=\"elementor-widget-wrap\">\n\t\t\t\t\t\t\t<\/div>\n\t\t<\/div>\n\t\t\t\t<div class=\"elementor-column elementor-col-66 elementor-top-column elementor-element elementor-element-81c2298\" data-id=\"81c2298\" data-element_type=\"column\">\n\t\t\t<div class=\"elementor-widget-wrap elementor-element-populated\">\n\t\t\t\t\t\t<div class=\"elementor-element elementor-element-5c76b58 elementor-widget elementor-widget-heading\" data-id=\"5c76b58\" data-element_type=\"widget\" data-widget_type=\"heading.default\">\n\t\t\t\t<div class=\"elementor-widget-container\">\n\t\t\t<h2 class=\"elementor-heading-title elementor-size-large\">\u00bfQu\u00e9 es Leader?\n<\/h2>\t\t<\/div>\n\t\t\t\t<\/div>\n\t\t\t\t\t<\/div>\n\t\t<\/div>\n\t\t\t\t\t<\/div>\n\t\t<\/section>\n\t\t\t\t<section class=\"elementor-section elementor-top-section elementor-element elementor-element-be3c49d elementor-section-boxed elementor-section-height-default elementor-section-height-default\" data-id=\"be3c49d\" data-element_type=\"section\">\n\t\t\t\t\t\t<div class=\"elementor-container elementor-column-gap-default\">\n\t\t\t\t\t<div class=\"elementor-column elementor-col-33 elementor-top-column elementor-element elementor-element-5eeca06\" data-id=\"5eeca06\" data-element_type=\"column\">\n\t\t\t<div class=\"elementor-widget-wrap elementor-element-populated\">\n\t\t\t\t\t\t<div class=\"elementor-element elementor-element-9a2fb8d elementor-widget elementor-widget-image\" data-id=\"9a2fb8d\" data-element_type=\"widget\" data-widget_type=\"image.default\">\n\t\t\t\t<div class=\"elementor-widget-container\">\n\t\t\t\t\t\t\t\t\t\t\t\t\t<img decoding=\"async\" width=\"1000\" height=\"1000\" src=\"https:\/\/menorcalplat.com\/joventut\/wp-content\/uploads\/2021\/02\/logo-leader.svg\" class=\"attachment-large size-large wp-image-897\" alt=\"\" \/>\t\t\t\t\t\t\t\t\t\t\t\t\t<\/div>\n\t\t\t\t<\/div>\n\t\t\t\t\t<\/div>\n\t\t<\/div>\n\t\t\t\t<div class=\"elementor-column elementor-col-66 elementor-top-column elementor-element elementor-element-31d6eba\" data-id=\"31d6eba\" data-element_type=\"column\">\n\t\t\t<div class=\"elementor-widget-wrap elementor-element-populated\">\n\t\t\t\t\t\t<div class=\"elementor-element elementor-element-72ede1b elementor-widget elementor-widget-text-editor\" data-id=\"72ede1b\" data-element_type=\"widget\" data-widget_type=\"text-editor.default\">\n\t\t\t\t<div class=\"elementor-widget-container\">\n\t\t\t\t\t\t\t<p>La Asociaci\u00f3n Leader Illa de Menorca trabaja como eje metodol\u00f3gico del Programa de desarrollo rural de las Islas Baleares y trata de fomentar la puesta en marcha de nuevas actividades para que las zonas rurales de Menorca sigan teniendo un tejido econ\u00f3mico y social din\u00e1mico y con peso econ\u00f3mico. Leader gestiona fondos comunitarios, nacionales y locales, para apoyar iniciativas innovadoras que puedan servir de ejemplo en \u00e1mbitos tan diversos como la comercializaci\u00f3n de productos agrarios, la industria artesana o la conservaci\u00f3n del patrimonio natural.<\/p><p>Con este ideario y finalidad, Leader da cumplimiento a la adhesi\u00f3n del Consell Insular de Menorca al Pacto de pol\u00edtica alimentar\u00eda urbana de Mil\u00e1n de enero de 2017, el cual compromete a los firmantes a hacer trabajo para desarrollar sistemas alimentarios m\u00e1s sostenibles en su territorio, resilientes, seguros y diversificados para asegurar una alimentaci\u00f3n saludable y accesible.<\/p>\t\t\t\t\t\t<\/div>\n\t\t\t\t<\/div>\n\t\t\t\t\t<\/div>\n\t\t<\/div>\n\t\t\t\t\t<\/div>\n\t\t<\/section>\n\t\t\t\t<section class=\"elementor-section elementor-top-section elementor-element elementor-element-70514fa elementor-section-boxed elementor-section-height-default elementor-section-height-default\" data-id=\"70514fa\" data-element_type=\"section\">\n\t\t\t\t\t\t<div class=\"elementor-container elementor-column-gap-default\">\n\t\t\t\t\t<div class=\"elementor-column elementor-col-33 elementor-top-column elementor-element elementor-element-ebf5cb7\" data-id=\"ebf5cb7\" data-element_type=\"column\">\n\t\t\t<div class=\"elementor-widget-wrap\">\n\t\t\t\t\t\t\t<\/div>\n\t\t<\/div>\n\t\t\t\t<div class=\"elementor-column elementor-col-66 elementor-top-column elementor-element elementor-element-4c937ba\" data-id=\"4c937ba\" data-element_type=\"column\">\n\t\t\t<div class=\"elementor-widget-wrap elementor-element-populated\">\n\t\t\t\t\t\t<div class=\"elementor-element elementor-element-cfa551b elementor-widget elementor-widget-map-button-fletxa\" data-id=\"cfa551b\" data-element_type=\"widget\" data-widget_type=\"map-button-fletxa.default\">\n\t\t\t\t<div class=\"elementor-widget-container\">\n\t\t\t<a class=\"btn-fletxa btn-fletxa-grana\" href=\"http:\/\/www.leadermenorca.org\/\" role=\"button\">Leader Menorca <i class=\"icon-fletxa-dreta\"><\/i><\/a>\t\t<\/div>\n\t\t\t\t<\/div>\n\t\t\t\t\t<\/div>\n\t\t<\/div>\n\t\t\t\t\t<\/div>\n\t\t<\/section>\n\t\t\t\t<section class=\"elementor-section elementor-top-section elementor-element elementor-element-25c0c27 elementor-section-boxed elementor-section-height-default elementor-section-height-default\" data-id=\"25c0c27\" data-element_type=\"section\">\n\t\t\t\t\t\t<div class=\"elementor-container elementor-column-gap-default\">\n\t\t\t\t\t<div class=\"elementor-column elementor-col-100 elementor-top-column elementor-element elementor-element-f84a9f1\" data-id=\"f84a9f1\" data-element_type=\"column\">\n\t\t\t<div class=\"elementor-widget-wrap elementor-element-populated\">\n\t\t\t\t\t\t<div class=\"elementor-element elementor-element-2bd77f7 elementor-widget-divider--view-line elementor-widget elementor-widget-divider\" data-id=\"2bd77f7\" data-element_type=\"widget\" data-widget_type=\"divider.default\">\n\t\t\t\t<div class=\"elementor-widget-container\">\n\t\t\t\t\t<div class=\"elementor-divider\">\n\t\t\t<span class=\"elementor-divider-separator\">\n\t\t\t\t\t\t<\/span>\n\t\t<\/div>\n\t\t\t\t<\/div>\n\t\t\t\t<\/div>\n\t\t\t\t\t<\/div>\n\t\t<\/div>\n\t\t\t\t\t<\/div>\n\t\t<\/section>\n\t\t\t\t<section class=\"elementor-section elementor-top-section elementor-element elementor-element-4d2a71e elementor-section-boxed elementor-section-height-default elementor-section-height-default\" data-id=\"4d2a71e\" data-element_type=\"section\">\n\t\t\t\t\t\t<div class=\"elementor-container elementor-column-gap-default\">\n\t\t\t\t\t<div class=\"elementor-column elementor-col-66 elementor-top-column elementor-element elementor-element-85e9247\" data-id=\"85e9247\" data-element_type=\"column\">\n\t\t\t<div class=\"elementor-widget-wrap elementor-element-populated\">\n\t\t\t\t\t\t<div class=\"elementor-element elementor-element-c37dcf7 elementor-widget elementor-widget-heading\" data-id=\"c37dcf7\" data-element_type=\"widget\" data-widget_type=\"heading.default\">\n\t\t\t\t<div class=\"elementor-widget-container\">\n\t\t\t<h2 class=\"elementor-heading-title elementor-size-large\">\u00bfQu\u00e9 es Integrasport?\n<\/h2>\t\t<\/div>\n\t\t\t\t<\/div>\n\t\t\t\t\t<\/div>\n\t\t<\/div>\n\t\t\t\t<div class=\"elementor-column elementor-col-33 elementor-top-column elementor-element elementor-element-1c46aba\" data-id=\"1c46aba\" data-element_type=\"column\">\n\t\t\t<div class=\"elementor-widget-wrap\">\n\t\t\t\t\t\t\t<\/div>\n\t\t<\/div>\n\t\t\t\t\t<\/div>\n\t\t<\/section>\n\t\t\t\t<section class=\"elementor-section elementor-top-section elementor-element elementor-element-c6f8dc3 elementor-section-boxed elementor-section-height-default elementor-section-height-default\" data-id=\"c6f8dc3\" data-element_type=\"section\">\n\t\t\t\t\t\t<div class=\"elementor-container elementor-column-gap-default\">\n\t\t\t\t\t<div class=\"elementor-column elementor-col-66 elementor-top-column elementor-element elementor-element-4b5eaef\" data-id=\"4b5eaef\" data-element_type=\"column\">\n\t\t\t<div class=\"elementor-widget-wrap elementor-element-populated\">\n\t\t\t\t\t\t<div class=\"elementor-element elementor-element-dd1dcde elementor-widget elementor-widget-text-editor\" data-id=\"dd1dcde\" data-element_type=\"widget\" data-widget_type=\"text-editor.default\">\n\t\t\t\t<div class=\"elementor-widget-container\">\n\t\t\t\t\t\t\t<p>El \u00e1rea de Deportes del Consejo de Menorca puso\u00a0en marcha hace cuatro a\u00f1os, el programa\u00a0\u00abIntegrasport: Ponemos Valores al Deporte\u00bb, con el objetivo\u00a0de crear una herramienta de transformaci\u00f3n del entorno deportivo que favorezca el aprendizaje de los y las deportistas, y haga del deporte el mejor veh\u00edculo de crecimiento personal. Se trabajan temas como la cohesi\u00f3n de grupo, la convivencia, el control emocional, la relaci\u00f3n entre equipos, clubes y con otros deportes, la implicaci\u00f3n en la competici\u00f3n, el comportamiento en las gradas, etc. En este proceso, se trabaja con deportistas, pero tambi\u00e9n con sus familias, entrenadores\/as y coordinadores\/as de los clubes deportivos adheridos al programa, contando con un equipo de profesionales multi- y trans-disciplinar que ofrece un acompa\u00f1amiento constante, integral y de calidad.<\/p><p>Actualmente, el programa cuenta un equipo humano de 15 profesionales, que ofrecen su acompa\u00f1amiento a un total de 28 equipos deportivos de 15 clubes adheridos, con m\u00e1s de 1000 deportistas y familias, de 11 deportes diferente.<\/p>\t\t\t\t\t\t<\/div>\n\t\t\t\t<\/div>\n\t\t\t\t\t<\/div>\n\t\t<\/div>\n\t\t\t\t<div class=\"elementor-column elementor-col-33 elementor-top-column elementor-element elementor-element-f08906f\" data-id=\"f08906f\" data-element_type=\"column\">\n\t\t\t<div class=\"elementor-widget-wrap elementor-element-populated\">\n\t\t\t\t\t\t<div class=\"elementor-element elementor-element-80a4e64 elementor-widget elementor-widget-image\" data-id=\"80a4e64\" data-element_type=\"widget\" data-widget_type=\"image.default\">\n\t\t\t\t<div class=\"elementor-widget-container\">\n\t\t\t\t\t\t\t\t\t\t\t\t\t<img loading=\"lazy\" decoding=\"async\" width=\"1000\" height=\"1000\" src=\"https:\/\/menorcalplat.com\/joventut\/wp-content\/uploads\/2021\/02\/integrasport.svg\" class=\"attachment-large size-large wp-image-1273\" alt=\"Logo Integrasport\" \/>\t\t\t\t\t\t\t\t\t\t\t\t\t<\/div>\n\t\t\t\t<\/div>\n\t\t\t\t\t<\/div>\n\t\t<\/div>\n\t\t\t\t\t<\/div>\n\t\t<\/section>\n\t\t\t\t<section class=\"elementor-section elementor-top-section elementor-element elementor-element-33b087c elementor-section-boxed elementor-section-height-default elementor-section-height-default\" data-id=\"33b087c\" data-element_type=\"section\">\n\t\t\t\t\t\t<div class=\"elementor-container elementor-column-gap-default\">\n\t\t\t\t\t<div class=\"elementor-column elementor-col-66 elementor-top-column elementor-element elementor-element-fcee102\" data-id=\"fcee102\" data-element_type=\"column\">\n\t\t\t<div class=\"elementor-widget-wrap elementor-element-populated\">\n\t\t\t\t\t\t<div class=\"elementor-element elementor-element-511c15e elementor-widget elementor-widget-map-button-fletxa\" data-id=\"511c15e\" data-element_type=\"widget\" data-widget_type=\"map-button-fletxa.default\">\n\t\t\t\t<div class=\"elementor-widget-container\">\n\t\t\t<a class=\"btn-fletxa btn-fletxa-grana\" href=\"http:\/\/menorcailladelesport.com\/Contingut.aspx?IdPub=8092\" role=\"button\">Integrasport <i class=\"icon-fletxa-dreta\"><\/i><\/a>\t\t<\/div>\n\t\t\t\t<\/div>\n\t\t\t\t\t<\/div>\n\t\t<\/div>\n\t\t\t\t<div class=\"elementor-column elementor-col-33 elementor-top-column elementor-element elementor-element-ee1ce64\" data-id=\"ee1ce64\" data-element_type=\"column\">\n\t\t\t<div class=\"elementor-widget-wrap\">\n\t\t\t\t\t\t\t<\/div>\n\t\t<\/div>\n\t\t\t\t\t<\/div>\n\t\t<\/section>\n\t\t\t\t<section class=\"elementor-section elementor-top-section elementor-element elementor-element-02f3f04 elementor-section-boxed elementor-section-height-default elementor-section-height-default\" data-id=\"02f3f04\" data-element_type=\"section\">\n\t\t\t\t\t\t<div class=\"elementor-container elementor-column-gap-default\">\n\t\t\t\t\t<div class=\"elementor-column elementor-col-100 elementor-top-column elementor-element elementor-element-79b1156\" data-id=\"79b1156\" data-element_type=\"column\">\n\t\t\t<div class=\"elementor-widget-wrap elementor-element-populated\">\n\t\t\t\t\t\t<div class=\"elementor-element elementor-element-d9445b4 elementor-widget elementor-widget-spacer\" data-id=\"d9445b4\" data-element_type=\"widget\" data-widget_type=\"spacer.default\">\n\t\t\t\t<div class=\"elementor-widget-container\">\n\t\t\t\t\t<div class=\"elementor-spacer\">\n\t\t\t<div class=\"elementor-spacer-inner\"><\/div>\n\t\t<\/div>\n\t\t\t\t<\/div>\n\t\t\t\t<\/div>\n\t\t\t\t\t<\/div>\n\t\t<\/div>\n\t\t\t\t\t<\/div>\n\t\t<\/section>\n\t\t\t\t<section class=\"elementor-section elementor-top-section elementor-element elementor-element-f2959ca elementor-section-boxed elementor-section-height-default elementor-section-height-default\" data-id=\"f2959ca\" data-element_type=\"section\">\n\t\t\t\t\t\t<div class=\"elementor-container elementor-column-gap-default\">\n\t\t\t\t\t<div class=\"elementor-column elementor-col-100 elementor-top-column elementor-element elementor-element-e317ed9\" data-id=\"e317ed9\" data-element_type=\"column\">\n\t\t\t<div class=\"elementor-widget-wrap elementor-element-populated\">\n\t\t\t\t\t\t<div class=\"elementor-element elementor-element-08248a3 elementor-widget-divider--view-line elementor-widget elementor-widget-divider\" data-id=\"08248a3\" data-element_type=\"widget\" data-widget_type=\"divider.default\">\n\t\t\t\t<div class=\"elementor-widget-container\">\n\t\t\t\t\t<div class=\"elementor-divider\">\n\t\t\t<span class=\"elementor-divider-separator\">\n\t\t\t\t\t\t<\/span>\n\t\t<\/div>\n\t\t\t\t<\/div>\n\t\t\t\t<\/div>\n\t\t\t\t\t<\/div>\n\t\t<\/div>\n\t\t\t\t\t<\/div>\n\t\t<\/section>\n\t\t\t\t<\/div>\n\t\t","protected":false},"excerpt":{"rendered":"<p>El objetivo principal Un proyecto de educaci\u00f3n nutricional en valores Deportistas en edad escolar: nuestra prioridad Los h\u00e1bitos de estilo de vida adquiridos en edad infantil configuran el perfil de preferencias de etapas posteriores. La edad escolar es de gran inter\u00e9s para promover la adquisici\u00f3n de conocimientos, potenciar habilidades y capacidades y favorecer la adquisici\u00f3n&hellip;<\/p>\n","protected":false},"author":1,"featured_media":0,"parent":0,"menu_order":0,"comment_status":"closed","ping_status":"closed","template":"","meta":{"_acf_changed":false,"footnotes":""},"class_list":["post-639","page","type-page","status-publish","hentry"],"acf":[],"yoast_head":"<!-- This site is optimized with the Yoast SEO plugin v23.6 - https:\/\/yoast.com\/wordpress\/plugins\/seo\/ -->\n<title>El proyecto - Menorca al plat<\/title>\n<meta name=\"robots\" content=\"index, follow, max-snippet:-1, max-image-preview:large, max-video-preview:-1\" \/>\n<link rel=\"canonical\" href=\"https:\/\/menorcalplat.com\/joventut\/es\/el-proyecto\/\" \/>\n<meta property=\"og:locale\" content=\"es_ES\" \/>\n<meta property=\"og:type\" content=\"article\" \/>\n<meta property=\"og:title\" content=\"El proyecto - Menorca al plat\" \/>\n<meta property=\"og:description\" content=\"El objetivo principal Un proyecto de educaci\u00f3n nutricional en valores Deportistas en edad escolar: nuestra prioridad Los h\u00e1bitos de estilo de vida adquiridos en edad infantil configuran el perfil de preferencias de etapas posteriores. La edad escolar es de gran inter\u00e9s para promover la adquisici\u00f3n de conocimientos, potenciar habilidades y capacidades y favorecer la adquisici\u00f3n&hellip;\" \/>\n<meta property=\"og:url\" content=\"https:\/\/menorcalplat.com\/joventut\/es\/el-proyecto\/\" \/>\n<meta property=\"og:site_name\" content=\"Menorca al plat\" \/>\n<meta property=\"article:modified_time\" content=\"2021-02-25T13:01:37+00:00\" \/>\n<meta property=\"og:image\" content=\"http:\/\/menorcalplat.com\/joventut\/wp-content\/uploads\/2021\/02\/icona-map.svg\" \/>\n<meta name=\"twitter:card\" content=\"summary_large_image\" \/>\n<meta name=\"twitter:label1\" content=\"Tiempo de lectura\" \/>\n\t<meta name=\"twitter:data1\" content=\"6 minutos\" \/>\n<script type=\"application\/ld+json\" class=\"yoast-schema-graph\">{\"@context\":\"https:\/\/schema.org\",\"@graph\":[{\"@type\":\"WebPage\",\"@id\":\"https:\/\/menorcalplat.com\/joventut\/es\/el-proyecto\/\",\"url\":\"https:\/\/menorcalplat.com\/joventut\/es\/el-proyecto\/\",\"name\":\"El proyecto - Menorca al plat\",\"isPartOf\":{\"@id\":\"https:\/\/menorcalplat.com\/joventut\/es\/#website\"},\"primaryImageOfPage\":{\"@id\":\"https:\/\/menorcalplat.com\/joventut\/es\/el-proyecto\/#primaryimage\"},\"image\":{\"@id\":\"https:\/\/menorcalplat.com\/joventut\/es\/el-proyecto\/#primaryimage\"},\"thumbnailUrl\":\"http:\/\/menorcalplat.com\/joventut\/wp-content\/uploads\/2021\/02\/icona-map.svg\",\"datePublished\":\"2020-10-22T08:59:22+00:00\",\"dateModified\":\"2021-02-25T13:01:37+00:00\",\"inLanguage\":\"es\",\"potentialAction\":[{\"@type\":\"ReadAction\",\"target\":[\"https:\/\/menorcalplat.com\/joventut\/es\/el-proyecto\/\"]}]},{\"@type\":\"ImageObject\",\"inLanguage\":\"es\",\"@id\":\"https:\/\/menorcalplat.com\/joventut\/es\/el-proyecto\/#primaryimage\",\"url\":\"http:\/\/menorcalplat.com\/joventut\/wp-content\/uploads\/2021\/02\/icona-map.svg\",\"contentUrl\":\"http:\/\/menorcalplat.com\/joventut\/wp-content\/uploads\/2021\/02\/icona-map.svg\"},{\"@type\":\"WebSite\",\"@id\":\"https:\/\/menorcalplat.com\/joventut\/es\/#website\",\"url\":\"https:\/\/menorcalplat.com\/joventut\/es\/\",\"name\":\"Menorca al plat\",\"description\":\"de la joventut\",\"potentialAction\":[{\"@type\":\"SearchAction\",\"target\":{\"@type\":\"EntryPoint\",\"urlTemplate\":\"https:\/\/menorcalplat.com\/joventut\/es\/?s={search_term_string}\"},\"query-input\":{\"@type\":\"PropertyValueSpecification\",\"valueRequired\":true,\"valueName\":\"search_term_string\"}}],\"inLanguage\":\"es\"}]}<\/script>\n<!-- \/ Yoast SEO plugin. -->","yoast_head_json":{"title":"El proyecto - Menorca al plat","robots":{"index":"index","follow":"follow","max-snippet":"max-snippet:-1","max-image-preview":"max-image-preview:large","max-video-preview":"max-video-preview:-1"},"canonical":"https:\/\/menorcalplat.com\/joventut\/es\/el-proyecto\/","og_locale":"es_ES","og_type":"article","og_title":"El proyecto - Menorca al plat","og_description":"El objetivo principal Un proyecto de educaci\u00f3n nutricional en valores Deportistas en edad escolar: nuestra prioridad Los h\u00e1bitos de estilo de vida adquiridos en edad infantil configuran el perfil de preferencias de etapas posteriores. La edad escolar es de gran inter\u00e9s para promover la adquisici\u00f3n de conocimientos, potenciar habilidades y capacidades y favorecer la adquisici\u00f3n&hellip;","og_url":"https:\/\/menorcalplat.com\/joventut\/es\/el-proyecto\/","og_site_name":"Menorca al plat","article_modified_time":"2021-02-25T13:01:37+00:00","og_image":[{"url":"http:\/\/menorcalplat.com\/joventut\/wp-content\/uploads\/2021\/02\/icona-map.svg"}],"twitter_card":"summary_large_image","twitter_misc":{"Tiempo de lectura":"6 minutos"},"schema":{"@context":"https:\/\/schema.org","@graph":[{"@type":"WebPage","@id":"https:\/\/menorcalplat.com\/joventut\/es\/el-proyecto\/","url":"https:\/\/menorcalplat.com\/joventut\/es\/el-proyecto\/","name":"El proyecto - Menorca al plat","isPartOf":{"@id":"https:\/\/menorcalplat.com\/joventut\/es\/#website"},"primaryImageOfPage":{"@id":"https:\/\/menorcalplat.com\/joventut\/es\/el-proyecto\/#primaryimage"},"image":{"@id":"https:\/\/menorcalplat.com\/joventut\/es\/el-proyecto\/#primaryimage"},"thumbnailUrl":"http:\/\/menorcalplat.com\/joventut\/wp-content\/uploads\/2021\/02\/icona-map.svg","datePublished":"2020-10-22T08:59:22+00:00","dateModified":"2021-02-25T13:01:37+00:00","inLanguage":"es","potentialAction":[{"@type":"ReadAction","target":["https:\/\/menorcalplat.com\/joventut\/es\/el-proyecto\/"]}]},{"@type":"ImageObject","inLanguage":"es","@id":"https:\/\/menorcalplat.com\/joventut\/es\/el-proyecto\/#primaryimage","url":"http:\/\/menorcalplat.com\/joventut\/wp-content\/uploads\/2021\/02\/icona-map.svg","contentUrl":"http:\/\/menorcalplat.com\/joventut\/wp-content\/uploads\/2021\/02\/icona-map.svg"},{"@type":"WebSite","@id":"https:\/\/menorcalplat.com\/joventut\/es\/#website","url":"https:\/\/menorcalplat.com\/joventut\/es\/","name":"Menorca al plat","description":"de la joventut","potentialAction":[{"@type":"SearchAction","target":{"@type":"EntryPoint","urlTemplate":"https:\/\/menorcalplat.com\/joventut\/es\/?s={search_term_string}"},"query-input":{"@type":"PropertyValueSpecification","valueRequired":true,"valueName":"search_term_string"}}],"inLanguage":"es"}]}},"_links":{"self":[{"href":"https:\/\/menorcalplat.com\/joventut\/es\/wp-json\/wp\/v2\/pages\/639"}],"collection":[{"href":"https:\/\/menorcalplat.com\/joventut\/es\/wp-json\/wp\/v2\/pages"}],"about":[{"href":"https:\/\/menorcalplat.com\/joventut\/es\/wp-json\/wp\/v2\/types\/page"}],"author":[{"embeddable":true,"href":"https:\/\/menorcalplat.com\/joventut\/es\/wp-json\/wp\/v2\/users\/1"}],"replies":[{"embeddable":true,"href":"https:\/\/menorcalplat.com\/joventut\/es\/wp-json\/wp\/v2\/comments?post=639"}],"version-history":[{"count":34,"href":"https:\/\/menorcalplat.com\/joventut\/es\/wp-json\/wp\/v2\/pages\/639\/revisions"}],"predecessor-version":[{"id":1415,"href":"https:\/\/menorcalplat.com\/joventut\/es\/wp-json\/wp\/v2\/pages\/639\/revisions\/1415"}],"wp:attachment":[{"href":"https:\/\/menorcalplat.com\/joventut\/es\/wp-json\/wp\/v2\/media?parent=639"}],"curies":[{"name":"wp","href":"https:\/\/api.w.org\/{rel}","templated":true}]}}